{"id":166447,"date":"2020-03-13T00:00:00","date_gmt":"2020-03-12T21:00:00","guid":{"rendered":"https:\/\/gelenekselsanatlar.org\/duyuru\/166447\/"},"modified":"2020-03-13T00:00:00","modified_gmt":"2020-03-12T21:00:00","slug":"166447","status":"publish","type":"duyuru","link":"https:\/\/gelenekselsanatlar.org\/ar\/duyuru\/166447\/","title":{"rendered":"&#8230;.."},"content":{"rendered":"<table>\n<tbody>\n<tr>\n<td>\n<p>1-&nbsp;&nbsp;&nbsp;&nbsp;&nbsp; Ola\u011fan genel kurul toplant\u0131s\u0131n\u0131n <strong>11 Mart 2020<\/strong> Cuma g&uuml;n&uuml; saat 15.00&rsquo;de dernek merkezinde yap\u0131lmas\u0131na karar verildi. Yeterli yasal &ccedil;o\u011funluk sa\u011flanamad\u0131\u011f\u0131 takdirde <strong>18 Mart 2020<\/strong> &Ccedil;ar\u015famba g&uuml;n&uuml; yine ayn\u0131 yerde ve ayn\u0131 saatte, genel kurul duyurusunun dernek web sitesinden yap\u0131lmas\u0131na karar verildi.<\/p>\n<p>&nbsp;<\/p>\n<p><strong>&nbsp;&nbsp;&nbsp;&nbsp;&nbsp;&nbsp; OLA\u011eAN GENEL KURUL G&Uuml;NDEM<\/strong><\/p>\n<p>1.&nbsp;&nbsp;&nbsp;&nbsp;&nbsp;&nbsp; A&ccedil;\u0131l\u0131\u015f ve yoklama<\/p>\n<p>2.&nbsp;&nbsp;&nbsp;&nbsp;&nbsp;&nbsp; Divan Heyetinin Te\u015fekk&uuml;l&uuml;<\/p>\n<p>3.&nbsp;&nbsp;&nbsp;&nbsp;&nbsp;&nbsp; T&uuml;z&uuml;k de\u011fi\u015fikli\u011fi<\/p>\n<p>4.&nbsp;&nbsp;&nbsp;&nbsp;&nbsp;&nbsp; Dernek organlar\u0131n\u0131n se&ccedil;imi<\/p>\n<p>5.&nbsp;&nbsp;&nbsp;&nbsp;&nbsp;&nbsp; Dilek ve temenniler<\/p>\n<p>6.&nbsp;&nbsp;&nbsp;&nbsp;&nbsp;&nbsp; Kapan\u0131\u015f<\/p>\n<\/td>\n<\/tr>\n<\/tbody>\n<\/table>\n","protected":false},"excerpt":{"rendered":"<p>1-\u00a0\u00a0\u00a0\u00a0\u00a0 Ola\u011fan genel kurul toplant\u0131s\u0131n\u0131n 11 Mart 2020 Cuma g\u00fcn\u00fc saat 15.00\u2019de dernek merkezinde yap\u0131lmas\u0131na karar verildi. Yeterli yasal \u00e7o\u011funluk sa\u011flanamad\u0131\u011f\u0131 takdirde 18 Mart 2020 \u00c7ar\u015famba g\u00fcn\u00fc yine ayn\u0131 yerde ve ayn\u0131 saatte, genel kurul duyurusunun dernek web sitesinden yap\u0131lmas\u0131na karar verildi.<br \/>\n\u00a0<br \/>\n\u00a0\u00a0\u00a0\u00a0\u00a0\u00a0 OLA\u011eAN GENEL KURUL G\u00dcNDEM<br \/>\n1.\u00a0\u00a0\u00a0\u00a0\u00a0\u00a0 A\u00e7\u0131l\u0131\u015f ve yoklama<br \/>\n2.\u00a0\u00a0\u00a0\u00a0\u00a0\u00a0 Divan Heyetinin Te\u015fekk\u00fcl\u00fc<br \/>\n3.\u00a0\u00a0\u00a0\u00a0\u00a0\u00a0 T\u00fcz\u00fck de\u011fi\u015fikli\u011fi<br \/>\n4.\u00a0\u00a0\u00a0\u00a0\u00a0\u00a0 Dernek organlar\u0131n\u0131n se\u00e7imi<br \/>\n5.\u00a0\u00a0\u00a0\u00a0\u00a0\u00a0 Dilek ve temenniler<br \/>\n6.\u00a0\u00a0\u00a0\u00a0\u00a0\u00a0 Kapan\u0131\u015f<\/p>\n","protected":false},"featured_media":161045,"template":"","duyuru-kategori":[],"class_list":["post-166447","duyuru","type-duyuru","status-publish","has-post-thumbnail","hentry"],"acf":[],"_links":{"self":[{"href":"https:\/\/gelenekselsanatlar.org\/ar\/wp-json\/wp\/v2\/duyuru\/166447","targetHints":{"allow":["GET"]}}],"collection":[{"href":"https:\/\/gelenekselsanatlar.org\/ar\/wp-json\/wp\/v2\/duyuru"}],"about":[{"href":"https:\/\/gelenekselsanatlar.org\/ar\/wp-json\/wp\/v2\/types\/duyuru"}],"version-history":[{"count":0,"href":"https:\/\/gelenekselsanatlar.org\/ar\/wp-json\/wp\/v2\/duyuru\/166447\/revisions"}],"wp:featuredmedia":[{"embeddable":true,"href":"https:\/\/gelenekselsanatlar.org\/ar\/wp-json\/wp\/v2\/media\/161045"}],"wp:attachment":[{"href":"https:\/\/gelenekselsanatlar.org\/ar\/wp-json\/wp\/v2\/media?parent=166447"}],"wp:term":[{"taxonomy":"duyuru_kategori","embeddable":true,"href":"https:\/\/gelenekselsanatlar.org\/ar\/wp-json\/wp\/v2\/duyuru-kategori?post=166447"}],"curies":[{"name":"wp","href":"https:\/\/api.w.org\/{rel}","templated":true}]}}