{"id":282,"date":"2025-10-20T10:46:43","date_gmt":"2025-10-20T10:46:43","guid":{"rendered":"https:\/\/gelenekselsanatlar.org\/?page_id=282"},"modified":"2025-12-04T11:49:35","modified_gmt":"2025-12-04T08:49:35","slug":"ana-sayfa","status":"publish","type":"page","link":"https:\/\/gelenekselsanatlar.org\/en\/","title":{"rendered":"Ana Sayfa"},"content":{"rendered":"<div class=\"wpb-content-wrapper\"><p>[vc_row][vc_column width=&#8221;1\/1&#8243;][vc_column_text uncode_shortcode_id=&#8221;176678&#8243;]<\/p>\n<div id=\"vc_shortcode-preview\" class=\"vc_shortcode-preview\">    <section class=\"gsd-slider gsd-theme-split\" data-autoplay=\"1\" data-interval=\"5000\">\n        <div class=\"gsd-track\">\n                            <div class=\"gsd-slide\">\n                    <div class=\"gsd-image\" style=\"background-color: #eceaeb;\">\n                        <img decoding=\"async\" width=\"800\" height=\"280\" src=\"https:\/\/gelenekselsanatlar.org\/wp-content\/uploads\/2025\/10\/slider-oEmiOMKsZVLxjA7G.jpg\" class=\"gsd-img\" alt=\"\" srcset=\"https:\/\/gelenekselsanatlar.org\/wp-content\/uploads\/2025\/10\/slider-oEmiOMKsZVLxjA7G.jpg 800w, https:\/\/gelenekselsanatlar.org\/wp-content\/uploads\/2025\/10\/slider-oEmiOMKsZVLxjA7G-300x105.jpg 300w, https:\/\/gelenekselsanatlar.org\/wp-content\/uploads\/2025\/10\/slider-oEmiOMKsZVLxjA7G-768x269.jpg 768w, https:\/\/gelenekselsanatlar.org\/wp-content\/uploads\/2025\/10\/slider-oEmiOMKsZVLxjA7G-350x123.jpg 350w\" sizes=\"(max-width: 800px) 100vw, 800px\" \/>                    <\/div>\n                    <div class=\"gsd-content gsd-contrast-light has-bg\" style=\"background-color: #eceaeb;\">\n                        <div class=\"gsd-text\">\n                                                            <h2 class=\"gsd-title\">Graduate Research Support Scholarship Winners in the Field of Traditional Arts and Intangible Cultural Heritage are Announced!<\/h2>\n                                                                                        <p class=\"gsd-desc\">We congratulate our esteemed researchers who won the scholarship this year and wish them success in their studies.<\/p>\n                                                    <\/div>\n                        <div class=\"gsd-actions\">\n                                                            <a class=\"gsd-btn\" href=\"https:\/\/www.gelenekselsanatlar.org\/tr\/duyurular\/geleneksel-sanatlar-ve-somut-olmayan-kulturel-miras-alaninda-lisansustu-arastirma-destek-bursu-kazananalari-belli-oldu\" \n                                   target=\"_blank\" style=\"background:#111111;color:#ffffff;border:2px solid #111111\">\n                                    Read more...                                <\/a>\n                                                    <\/div>\n                    <\/div>\n                <\/div>\n                            <div class=\"gsd-slide\">\n                    <div class=\"gsd-image\" style=\"background-color: #364183;\">\n                        <img decoding=\"async\" width=\"800\" height=\"279\" src=\"https:\/\/gelenekselsanatlar.org\/wp-content\/uploads\/2025\/10\/photo-2025-09-05-15-52-16.jpg\" class=\"gsd-img\" alt=\"\" srcset=\"https:\/\/gelenekselsanatlar.org\/wp-content\/uploads\/2025\/10\/photo-2025-09-05-15-52-16.jpg 800w, https:\/\/gelenekselsanatlar.org\/wp-content\/uploads\/2025\/10\/photo-2025-09-05-15-52-16-300x105.jpg 300w, https:\/\/gelenekselsanatlar.org\/wp-content\/uploads\/2025\/10\/photo-2025-09-05-15-52-16-768x268.jpg 768w, https:\/\/gelenekselsanatlar.org\/wp-content\/uploads\/2025\/10\/photo-2025-09-05-15-52-16-350x122.jpg 350w\" sizes=\"(max-width: 800px) 100vw, 800px\" \/>                    <\/div>\n                    <div class=\"gsd-content gsd-contrast-dark has-bg\" style=\"background-color: #364183;\">\n                        <div class=\"gsd-text\">\n                                                            <h2 class=\"gsd-title\">Graduate Research Support Scholarship  in the Field of Traditional Arts and Intangible Cultural Heritage<\/h2>\n                                                                                        <p class=\"gsd-desc\">A scholarship is offered to master&#039;s and doctoral students working in the fields of traditional arts and intangible cultural heritage.  To apply, please send your resume and required documents to bilgi@gelenekselsanatlar.org with the subject line \u201cApplication for MA and PHD Research Support Scholarship in the Field of Traditional Arts and Intangible Cultural Heritage.\u201d  For further details, please visit the website or its social media accounts of Traditional Arts Association.<\/p>\n                                                    <\/div>\n                        <div class=\"gsd-actions\">\n                                                            <a class=\"gsd-btn\" href=\"https:\/\/www.gelenekselsanatlar.org\/en\/duyurular\/geleneksel-sanatlar-ve-somut-olmayan-kulturel-miras-alaninda-lisansustu-arastirma-destek-bursu\" \n                                   target=\"_blank\" style=\"background:#ffffff;color:#111111;border:2px solid rgba(255,255,255,0.35)\">\n                                    Read more...                                <\/a>\n                                                    <\/div>\n                    <\/div>\n                <\/div>\n                            <div class=\"gsd-slide\">\n                    <div class=\"gsd-image\" style=\"background-color: #fff4cc;\">\n                        <img decoding=\"async\" width=\"1280\" height=\"720\" src=\"https:\/\/gelenekselsanatlar.org\/wp-content\/uploads\/2025\/11\/photo-2025-08-05-11-45-26-5iiVhGuJlcXqYWWE.jpg\" class=\"gsd-img\" alt=\"\" srcset=\"https:\/\/gelenekselsanatlar.org\/wp-content\/uploads\/2025\/11\/photo-2025-08-05-11-45-26-5iiVhGuJlcXqYWWE.jpg 1280w, https:\/\/gelenekselsanatlar.org\/wp-content\/uploads\/2025\/11\/photo-2025-08-05-11-45-26-5iiVhGuJlcXqYWWE-300x169.jpg 300w, https:\/\/gelenekselsanatlar.org\/wp-content\/uploads\/2025\/11\/photo-2025-08-05-11-45-26-5iiVhGuJlcXqYWWE-768x432.jpg 768w, https:\/\/gelenekselsanatlar.org\/wp-content\/uploads\/2025\/11\/photo-2025-08-05-11-45-26-5iiVhGuJlcXqYWWE-1024x576.jpg 1024w, https:\/\/gelenekselsanatlar.org\/wp-content\/uploads\/2025\/11\/photo-2025-08-05-11-45-26-5iiVhGuJlcXqYWWE-350x197.jpg 350w\" sizes=\"(max-width: 1280px) 100vw, 1280px\" \/>                    <\/div>\n                    <div class=\"gsd-content gsd-contrast-light has-bg\" style=\"background-color: #fff4cc;\">\n                        <div class=\"gsd-text\">\n                                                            <h2 class=\"gsd-title\">YOUNG CULTURAL REPRESENTATIVE WANTED FOR THE UNESCO YOUTH FORUM!<\/h2>\n                                                                                        <p class=\"gsd-desc\">Geleneksel Sanatlar Derne\u011fi (GSD) to Appoint a Young Participant from Turkey for the Upcoming UNESCO Meeting in Barcelona, September 29 \u2013 October 1, 2025. We are seeking a young participant aged between 18 and 25 who will observe UNESCO\u2019s cultural heritage-focused work on site and act with a strong sense of responsibility in representing Turkey at the international level.<\/p>\n                                                    <\/div>\n                        <div class=\"gsd-actions\">\n                                                            <a class=\"gsd-btn\" href=\"https:\/\/www.gelenekselsanatlar.org\/en\/duyurular\/unesco-youth-forum-icin-genc-kultur-temsilcisi-araniyor\" \n                                   target=\"_blank\" style=\"background:#111111;color:#ffffff;border:2px solid #111111\">\n                                    Read more...                                <\/a>\n                                                    <\/div>\n                    <\/div>\n                <\/div>\n                            <div class=\"gsd-slide\">\n                    <div class=\"gsd-image\" style=\"background-color: #0d2233;\">\n                        <img decoding=\"async\" width=\"2560\" height=\"1440\" src=\"https:\/\/gelenekselsanatlar.org\/wp-content\/uploads\/2025\/11\/ekran-3-scaled.jpg\" class=\"gsd-img\" alt=\"\" srcset=\"https:\/\/gelenekselsanatlar.org\/wp-content\/uploads\/2025\/11\/ekran-3-scaled.jpg 2560w, https:\/\/gelenekselsanatlar.org\/wp-content\/uploads\/2025\/11\/ekran-3-300x169.jpg 300w, https:\/\/gelenekselsanatlar.org\/wp-content\/uploads\/2025\/11\/ekran-3-768x432.jpg 768w, https:\/\/gelenekselsanatlar.org\/wp-content\/uploads\/2025\/11\/ekran-3-1024x576.jpg 1024w, https:\/\/gelenekselsanatlar.org\/wp-content\/uploads\/2025\/11\/ekran-3-1536x864.jpg 1536w, https:\/\/gelenekselsanatlar.org\/wp-content\/uploads\/2025\/11\/ekran-3-2048x1152.jpg 2048w, https:\/\/gelenekselsanatlar.org\/wp-content\/uploads\/2025\/11\/ekran-3-350x197.jpg 350w\" sizes=\"(max-width: 2560px) 100vw, 2560px\" \/>                    <\/div>\n                    <div class=\"gsd-content gsd-contrast-dark has-bg\" style=\"background-color: #0d2233;\">\n                        <div class=\"gsd-text\">\n                                                            <h2 class=\"gsd-title\">Master&#8217;s of T\u00fcrkiye | Aegean Region<\/h2>\n                                                                                        <p class=\"gsd-desc\">The T\u00fcrkiye&#039;s Masters Aegean Region Exhibition and Project Introduction Meeting was held on December 27, 2024, at the Bornova Culture and Arts Center in \u0130zmir.<\/p>\n                                                    <\/div>\n                        <div class=\"gsd-actions\">\n                                                            <a class=\"gsd-btn\" href=\"http:\/\/www.gelenekselsanatlar.org\/en\/duyurular\/turkiyenin-ustalari-ege-bolgesi-1\" \n                                   target=\"_blank\" style=\"background:#ffffff;color:#111111;border:2px solid rgba(255,255,255,0.35)\">\n                                    Read more...                                <\/a>\n                                                    <\/div>\n                    <\/div>\n                <\/div>\n                            <div class=\"gsd-slide\">\n                    <div class=\"gsd-image\" style=\"background-color: #ebeae8;\">\n                        <img decoding=\"async\" width=\"1919\" height=\"1079\" src=\"https:\/\/gelenekselsanatlar.org\/wp-content\/uploads\/2025\/11\/olagan-genel-kurul-ilanisliderson.jpg\" class=\"gsd-img\" alt=\"\" srcset=\"https:\/\/gelenekselsanatlar.org\/wp-content\/uploads\/2025\/11\/olagan-genel-kurul-ilanisliderson.jpg 1919w, https:\/\/gelenekselsanatlar.org\/wp-content\/uploads\/2025\/11\/olagan-genel-kurul-ilanisliderson-300x169.jpg 300w, https:\/\/gelenekselsanatlar.org\/wp-content\/uploads\/2025\/11\/olagan-genel-kurul-ilanisliderson-768x432.jpg 768w, https:\/\/gelenekselsanatlar.org\/wp-content\/uploads\/2025\/11\/olagan-genel-kurul-ilanisliderson-1024x576.jpg 1024w, https:\/\/gelenekselsanatlar.org\/wp-content\/uploads\/2025\/11\/olagan-genel-kurul-ilanisliderson-1536x864.jpg 1536w, https:\/\/gelenekselsanatlar.org\/wp-content\/uploads\/2025\/11\/olagan-genel-kurul-ilanisliderson-350x197.jpg 350w\" sizes=\"(max-width: 1919px) 100vw, 1919px\" \/>                    <\/div>\n                    <div class=\"gsd-content gsd-contrast-light has-bg\" style=\"background-color: #ebeae8;\">\n                        <div class=\"gsd-text\">\n                                                            <h2 class=\"gsd-title\">Traditional Arts Association Ordinary General Assembly Meeting<\/h2>\n                                                                                        <p class=\"gsd-desc\">2024<\/p>\n                                                    <\/div>\n                        <div class=\"gsd-actions\">\n                                                            <a class=\"gsd-btn\" href=\"http:\/\/www.gelenekselsanatlar.org\/tr\/duyurular\/geleneksel-sanatlar-dernegi-olagan-genel-kurul-toplantisi-2024\" \n                                   target=\"_blank\" style=\"background:#111111;color:#ffffff;border:2px solid #111111\">\n                                    Read more...                                <\/a>\n                                                    <\/div>\n                    <\/div>\n                <\/div>\n                            <div class=\"gsd-slide\">\n                    <div class=\"gsd-image\" style=\"background-color: #ee6821;\">\n                        <img decoding=\"async\" width=\"2560\" height=\"895\" src=\"https:\/\/gelenekselsanatlar.org\/wp-content\/uploads\/2025\/11\/web-banner-site-2-scaled.jpg\" class=\"gsd-img\" alt=\"\" srcset=\"https:\/\/gelenekselsanatlar.org\/wp-content\/uploads\/2025\/11\/web-banner-site-2-scaled.jpg 2560w, https:\/\/gelenekselsanatlar.org\/wp-content\/uploads\/2025\/11\/web-banner-site-2-300x105.jpg 300w, https:\/\/gelenekselsanatlar.org\/wp-content\/uploads\/2025\/11\/web-banner-site-2-768x269.jpg 768w, https:\/\/gelenekselsanatlar.org\/wp-content\/uploads\/2025\/11\/web-banner-site-2-1024x358.jpg 1024w, https:\/\/gelenekselsanatlar.org\/wp-content\/uploads\/2025\/11\/web-banner-site-2-1536x537.jpg 1536w, https:\/\/gelenekselsanatlar.org\/wp-content\/uploads\/2025\/11\/web-banner-site-2-2048x716.jpg 2048w, https:\/\/gelenekselsanatlar.org\/wp-content\/uploads\/2025\/11\/web-banner-site-2-350x122.jpg 350w\" sizes=\"(max-width: 2560px) 100vw, 2560px\" \/>                    <\/div>\n                    <div class=\"gsd-content gsd-contrast-dark has-bg\" style=\"background-color: #ee6821;\">\n                        <div class=\"gsd-text\">\n                                                            <h2 class=\"gsd-title\">Istanbul Miniature Festival Young Artists Miniature Competition<\/h2>\n                                                                                        <p class=\"gsd-desc\">You are invited to the Young Artists Miniature Competition!<\/p>\n                                                    <\/div>\n                        <div class=\"gsd-actions\">\n                                                    <\/div>\n                    <\/div>\n                <\/div>\n                            <div class=\"gsd-slide\">\n                    <div class=\"gsd-image\" style=\"background-color: #bababa;\">\n                        <img decoding=\"async\" width=\"2560\" height=\"895\" src=\"https:\/\/gelenekselsanatlar.org\/wp-content\/uploads\/2025\/11\/beyoglu-minyatuer-sergisi-web-banner-scaled.jpg\" class=\"gsd-img\" alt=\"\" srcset=\"https:\/\/gelenekselsanatlar.org\/wp-content\/uploads\/2025\/11\/beyoglu-minyatuer-sergisi-web-banner-scaled.jpg 2560w, https:\/\/gelenekselsanatlar.org\/wp-content\/uploads\/2025\/11\/beyoglu-minyatuer-sergisi-web-banner-300x105.jpg 300w, https:\/\/gelenekselsanatlar.org\/wp-content\/uploads\/2025\/11\/beyoglu-minyatuer-sergisi-web-banner-768x269.jpg 768w, https:\/\/gelenekselsanatlar.org\/wp-content\/uploads\/2025\/11\/beyoglu-minyatuer-sergisi-web-banner-1024x358.jpg 1024w, https:\/\/gelenekselsanatlar.org\/wp-content\/uploads\/2025\/11\/beyoglu-minyatuer-sergisi-web-banner-1536x537.jpg 1536w, https:\/\/gelenekselsanatlar.org\/wp-content\/uploads\/2025\/11\/beyoglu-minyatuer-sergisi-web-banner-2048x716.jpg 2048w, https:\/\/gelenekselsanatlar.org\/wp-content\/uploads\/2025\/11\/beyoglu-minyatuer-sergisi-web-banner-350x122.jpg 350w\" sizes=\"(max-width: 2560px) 100vw, 2560px\" \/>                    <\/div>\n                    <div class=\"gsd-content gsd-contrast-light has-bg\" style=\"background-color: #bababa;\">\n                        <div class=\"gsd-text\">\n                                                            <h2 class=\"gsd-title\">OPEN CALL Istanbul Miniature Festival &#8220;Beyo\u011flu Miniatures&#8221; Exhibition<\/h2>\n                                                                                        <p class=\"gsd-desc\">OPEN CALL Istanbul Miniature Festival &quot;Beyo\u011flu Miniatures&quot; Exhibition<\/p>\n                                                    <\/div>\n                        <div class=\"gsd-actions\">\n                                                            <a class=\"gsd-btn\" href=\"https:\/\/gelenekselsanatlar.org\/tr\/duyurular\/acik-cagri-istanbul-minyatur-festivali-beyoglu-minyaturleri-sergisi-1\" \n                                   target=\"_blank\" style=\"background:#111111;color:#ffffff;border:2px solid #111111\">\n                                    Read more...                                <\/a>\n                                                    <\/div>\n                    <\/div>\n                <\/div>\n                            <div class=\"gsd-slide\">\n                    <div class=\"gsd-image\" style=\"background-color: #a8a9a1;\">\n                        <img decoding=\"async\" width=\"2560\" height=\"894\" src=\"https:\/\/gelenekselsanatlar.org\/wp-content\/uploads\/2025\/11\/web-banner-site-02-scaled.jpg\" class=\"gsd-img\" alt=\"\" srcset=\"https:\/\/gelenekselsanatlar.org\/wp-content\/uploads\/2025\/11\/web-banner-site-02-scaled.jpg 2560w, https:\/\/gelenekselsanatlar.org\/wp-content\/uploads\/2025\/11\/web-banner-site-02-1536x537.jpg 1536w, https:\/\/gelenekselsanatlar.org\/wp-content\/uploads\/2025\/11\/web-banner-site-02-2048x716.jpg 2048w, https:\/\/gelenekselsanatlar.org\/wp-content\/uploads\/2025\/11\/web-banner-site-02-300x105.jpg 300w, https:\/\/gelenekselsanatlar.org\/wp-content\/uploads\/2025\/11\/web-banner-site-02-768x268.jpg 768w, https:\/\/gelenekselsanatlar.org\/wp-content\/uploads\/2025\/11\/web-banner-site-02-1024x358.jpg 1024w, https:\/\/gelenekselsanatlar.org\/wp-content\/uploads\/2025\/11\/web-banner-site-02-350x122.jpg 350w\" sizes=\"(max-width: 2560px) 100vw, 2560px\" \/>                    <\/div>\n                    <div class=\"gsd-content gsd-contrast-light has-bg\" style=\"background-color: #a8a9a1;\">\n                        <div class=\"gsd-text\">\n                                                            <h2 class=\"gsd-title\">OPEN CALL Istanbul Miniature Festival &#8220;Cities of Turkey&#8221; Exhibition<\/h2>\n                                                                                        <p class=\"gsd-desc\">OPEN CALL Istanbul Miniature Festival &quot;Cities of Turkey&quot; Exhibition<\/p>\n                                                    <\/div>\n                        <div class=\"gsd-actions\">\n                                                            <a class=\"gsd-btn\" href=\"https:\/\/gelenekselsanatlar.org\/tr\/duyurular\/acik-cagri-istanbul-minyatur-festivali-turkiyenin-sehirleri-sergisi\" \n                                   target=\"_blank\" style=\"background:#111111;color:#ffffff;border:2px solid #111111\">\n                                    Read more...                                <\/a>\n                                                    <\/div>\n                    <\/div>\n                <\/div>\n                            <div class=\"gsd-slide\">\n                    <div class=\"gsd-image\" style=\"background-color: #eaeaea;\">\n                        <img decoding=\"async\" width=\"2560\" height=\"895\" src=\"https:\/\/gelenekselsanatlar.org\/wp-content\/uploads\/2025\/11\/erzurum-web-banner-scaled.jpg\" class=\"gsd-img\" alt=\"\" srcset=\"https:\/\/gelenekselsanatlar.org\/wp-content\/uploads\/2025\/11\/erzurum-web-banner-scaled.jpg 2560w, https:\/\/gelenekselsanatlar.org\/wp-content\/uploads\/2025\/11\/erzurum-web-banner-300x105.jpg 300w, https:\/\/gelenekselsanatlar.org\/wp-content\/uploads\/2025\/11\/erzurum-web-banner-768x269.jpg 768w, https:\/\/gelenekselsanatlar.org\/wp-content\/uploads\/2025\/11\/erzurum-web-banner-1024x358.jpg 1024w, https:\/\/gelenekselsanatlar.org\/wp-content\/uploads\/2025\/11\/erzurum-web-banner-1536x537.jpg 1536w, https:\/\/gelenekselsanatlar.org\/wp-content\/uploads\/2025\/11\/erzurum-web-banner-2048x716.jpg 2048w, https:\/\/gelenekselsanatlar.org\/wp-content\/uploads\/2025\/11\/erzurum-web-banner-350x122.jpg 350w\" sizes=\"(max-width: 2560px) 100vw, 2560px\" \/>                    <\/div>\n                    <div class=\"gsd-content gsd-contrast-light has-bg\" style=\"background-color: #eaeaea;\">\n                        <div class=\"gsd-text\">\n                                                            <h2 class=\"gsd-title\">Erzurum Culture Road Festival<\/h2>\n                                                                                        <p class=\"gsd-desc\">Within the scope of the Turkey Culture Road Festival organized by the Ministry of Culture and Tourism of the Republic of Turkey, the events organized by the Traditional Arts Association are waiting for you in the Erzurum Culture Road Festival event program to be held on August 17-25, 2024.<\/p>\n                                                    <\/div>\n                        <div class=\"gsd-actions\">\n                                                            <a class=\"gsd-btn\" href=\"https:\/\/gelenekselsanatlar.org\/tr\/duyurular\/erzurum-kultur-yolu-festivali-17-25-agustos-2024\" \n                                   target=\"_blank\" style=\"background:#111111;color:#ffffff;border:2px solid #111111\">\n                                    Read more...                                <\/a>\n                                                    <\/div>\n                    <\/div>\n                <\/div>\n                            <div class=\"gsd-slide\">\n                    <div class=\"gsd-image\" style=\"background-color: #eaeaea;\">\n                        <img decoding=\"async\" width=\"2560\" height=\"895\" src=\"https:\/\/gelenekselsanatlar.org\/wp-content\/uploads\/2025\/11\/web-banner2-02-scaled.jpg\" class=\"gsd-img\" alt=\"\" srcset=\"https:\/\/gelenekselsanatlar.org\/wp-content\/uploads\/2025\/11\/web-banner2-02-scaled.jpg 2560w, https:\/\/gelenekselsanatlar.org\/wp-content\/uploads\/2025\/11\/web-banner2-02-300x105.jpg 300w, https:\/\/gelenekselsanatlar.org\/wp-content\/uploads\/2025\/11\/web-banner2-02-768x269.jpg 768w, https:\/\/gelenekselsanatlar.org\/wp-content\/uploads\/2025\/11\/web-banner2-02-1024x358.jpg 1024w, https:\/\/gelenekselsanatlar.org\/wp-content\/uploads\/2025\/11\/web-banner2-02-1536x537.jpg 1536w, https:\/\/gelenekselsanatlar.org\/wp-content\/uploads\/2025\/11\/web-banner2-02-2048x716.jpg 2048w, https:\/\/gelenekselsanatlar.org\/wp-content\/uploads\/2025\/11\/web-banner2-02-350x122.jpg 350w\" sizes=\"(max-width: 2560px) 100vw, 2560px\" \/>                    <\/div>\n                    <div class=\"gsd-content gsd-contrast-light has-bg\" style=\"background-color: #eaeaea;\">\n                        <div class=\"gsd-text\">\n                                                            <h2 class=\"gsd-title\">Nevsehir Culture Road Festival August 3-11<\/h2>\n                                                                                        <p class=\"gsd-desc\">Within the scope of the Turkey Culture Road Festival organized by the Ministry of Culture and Tourism of the Republic of Turkey, our events organized by the Traditional Arts Association are waiting for you in the Nevsehir Culture Road Festival event program to be held on August 3-11, 2024.<\/p>\n                                                    <\/div>\n                        <div class=\"gsd-actions\">\n                                                            <a class=\"gsd-btn\" href=\"http:\/\/www.gelenekselsanatlar.org\/tr\/duyurular\/nevsehir-kultur-yolu-festivali\" \n                                   target=\"_blank\" style=\"background:#111111;color:#ffffff;border:2px solid #111111\">\n                                    Read more...                                <\/a>\n                                                    <\/div>\n                    <\/div>\n                <\/div>\n                            <div class=\"gsd-slide\">\n                    <div class=\"gsd-image\" style=\"background-color: #186dfc;\">\n                        <img decoding=\"async\" width=\"2560\" height=\"897\" src=\"https:\/\/gelenekselsanatlar.org\/wp-content\/uploads\/2025\/11\/sokuem-web-banner-2-1-scaled.jpg\" class=\"gsd-img\" alt=\"\" srcset=\"https:\/\/gelenekselsanatlar.org\/wp-content\/uploads\/2025\/11\/sokuem-web-banner-2-1-scaled.jpg 2560w, https:\/\/gelenekselsanatlar.org\/wp-content\/uploads\/2025\/11\/sokuem-web-banner-2-1-2048x717.jpg 2048w, https:\/\/gelenekselsanatlar.org\/wp-content\/uploads\/2025\/11\/sokuem-web-banner-2-1-300x105.jpg 300w, https:\/\/gelenekselsanatlar.org\/wp-content\/uploads\/2025\/11\/sokuem-web-banner-2-1-768x269.jpg 768w, https:\/\/gelenekselsanatlar.org\/wp-content\/uploads\/2025\/11\/sokuem-web-banner-2-1-1024x359.jpg 1024w, https:\/\/gelenekselsanatlar.org\/wp-content\/uploads\/2025\/11\/sokuem-web-banner-2-1-1536x538.jpg 1536w, https:\/\/gelenekselsanatlar.org\/wp-content\/uploads\/2025\/11\/sokuem-web-banner-2-1-350x123.jpg 350w\" sizes=\"(max-width: 2560px) 100vw, 2560px\" \/>                    <\/div>\n                    <div class=\"gsd-content gsd-contrast-dark has-bg\" style=\"background-color: #186dfc;\">\n                        <div class=\"gsd-text\">\n                                                            <h2 class=\"gsd-title\">Bursa UNESCO Association Intangible Cultural Heritage (SOK\u00dcM) National Photography Contest<\/h2>\n                                                                                        <p class=\"gsd-desc\">Bursa UNESCO Association Intangible Cultural Heritage (SOK\u00dcM) National Photography Contest<\/p>\n                                                    <\/div>\n                        <div class=\"gsd-actions\">\n                                                    <\/div>\n                    <\/div>\n                <\/div>\n                            <div class=\"gsd-slide\">\n                    <div class=\"gsd-image\" style=\"background-color: #ba1f2d;\">\n                        <img decoding=\"async\" width=\"1920\" height=\"828\" src=\"https:\/\/gelenekselsanatlar.org\/wp-content\/uploads\/2025\/10\/gsd-banner-tu-sRpYfdSsfmMhmpRo.jpg\" class=\"gsd-img\" alt=\"\" srcset=\"https:\/\/gelenekselsanatlar.org\/wp-content\/uploads\/2025\/10\/gsd-banner-tu-sRpYfdSsfmMhmpRo.jpg 1920w, https:\/\/gelenekselsanatlar.org\/wp-content\/uploads\/2025\/10\/gsd-banner-tu-sRpYfdSsfmMhmpRo-300x129.jpg 300w, https:\/\/gelenekselsanatlar.org\/wp-content\/uploads\/2025\/10\/gsd-banner-tu-sRpYfdSsfmMhmpRo-768x331.jpg 768w, https:\/\/gelenekselsanatlar.org\/wp-content\/uploads\/2025\/10\/gsd-banner-tu-sRpYfdSsfmMhmpRo-1024x442.jpg 1024w, https:\/\/gelenekselsanatlar.org\/wp-content\/uploads\/2025\/10\/gsd-banner-tu-sRpYfdSsfmMhmpRo-1536x662.jpg 1536w, https:\/\/gelenekselsanatlar.org\/wp-content\/uploads\/2025\/10\/gsd-banner-tu-sRpYfdSsfmMhmpRo-350x151.jpg 350w\" sizes=\"(max-width: 1920px) 100vw, 1920px\" \/>                    <\/div>\n                    <div class=\"gsd-content gsd-contrast-dark has-bg\" style=\"background-color: #ba1f2d;\">\n                        <div class=\"gsd-text\">\n                                                            <h2 class=\"gsd-title\">Take your place in Turkey&#8217;s Masters!<\/h2>\n                                                                                        <p class=\"gsd-desc\">To take part in the 2023 Turkey&#039;s Masters inventory study, you can access detailed information and fill out the application form at turkiyeninustalari.org.<\/p>\n                                                    <\/div>\n                        <div class=\"gsd-actions\">\n                                                    <\/div>\n                    <\/div>\n                <\/div>\n                            <div class=\"gsd-slide\">\n                    <div class=\"gsd-image\" style=\"background-color: #8ac3bc;\">\n                        <img decoding=\"async\" width=\"1920\" height=\"826\" src=\"https:\/\/gelenekselsanatlar.org\/wp-content\/uploads\/2025\/10\/japonya-minyatuer-web-banner-2.jpg\" class=\"gsd-img\" alt=\"\" srcset=\"https:\/\/gelenekselsanatlar.org\/wp-content\/uploads\/2025\/10\/japonya-minyatuer-web-banner-2.jpg 1920w, https:\/\/gelenekselsanatlar.org\/wp-content\/uploads\/2025\/10\/japonya-minyatuer-web-banner-2-300x129.jpg 300w, https:\/\/gelenekselsanatlar.org\/wp-content\/uploads\/2025\/10\/japonya-minyatuer-web-banner-2-768x330.jpg 768w, https:\/\/gelenekselsanatlar.org\/wp-content\/uploads\/2025\/10\/japonya-minyatuer-web-banner-2-1024x441.jpg 1024w, https:\/\/gelenekselsanatlar.org\/wp-content\/uploads\/2025\/10\/japonya-minyatuer-web-banner-2-1536x661.jpg 1536w, https:\/\/gelenekselsanatlar.org\/wp-content\/uploads\/2025\/10\/japonya-minyatuer-web-banner-2-350x151.jpg 350w\" sizes=\"(max-width: 1920px) 100vw, 1920px\" \/>                    <\/div>\n                    <div class=\"gsd-content gsd-contrast-light has-bg\" style=\"background-color: #8ac3bc;\">\n                        <div class=\"gsd-text\">\n                                                            <h2 class=\"gsd-title\">T\u00fcrkiye in Miniatures: The 100th Anniversary of Diplomacy in the Light of Friendship and Culture Exhibition<\/h2>\n                                                                                        <p class=\"gsd-desc\">Within the scope of the 100th anniversary celebrations of diplomatic relations between T\u00fcrkiye and Japan, \u201cT\u00fcrkiye in Miniatures: 100th Anniversary of Diplomacy in the Light of Friendship and Culture Exhibition\u201d unites miniatures that depict Turkish cities with Japanese art lovers.<\/p>\n                                                    <\/div>\n                        <div class=\"gsd-actions\">\n                                                            <a class=\"gsd-btn\" href=\"https:\/\/gelenekselsanatlar.org\/en\/duyurular\/minyaturlerle-turkiye-dostlugun-ve-kulturun-isiginda-diplomasinin-100-yili-sergisi\" \n                                   target=\"_blank\" style=\"background:#111111;color:#ffffff;border:2px solid #111111\">\n                                    Read more...                                <\/a>\n                                                    <\/div>\n                    <\/div>\n                <\/div>\n                            <div class=\"gsd-slide\">\n                    <div class=\"gsd-image\" style=\"background-color: #e8ce83;\">\n                        <img decoding=\"async\" width=\"1920\" height=\"827\" src=\"https:\/\/gelenekselsanatlar.org\/wp-content\/uploads\/2025\/10\/minyatuer-web-banner.jpg\" class=\"gsd-img\" alt=\"\" srcset=\"https:\/\/gelenekselsanatlar.org\/wp-content\/uploads\/2025\/10\/minyatuer-web-banner.jpg 1920w, https:\/\/gelenekselsanatlar.org\/wp-content\/uploads\/2025\/10\/minyatuer-web-banner-300x129.jpg 300w, https:\/\/gelenekselsanatlar.org\/wp-content\/uploads\/2025\/10\/minyatuer-web-banner-768x331.jpg 768w, https:\/\/gelenekselsanatlar.org\/wp-content\/uploads\/2025\/10\/minyatuer-web-banner-1024x441.jpg 1024w, https:\/\/gelenekselsanatlar.org\/wp-content\/uploads\/2025\/10\/minyatuer-web-banner-1536x662.jpg 1536w, https:\/\/gelenekselsanatlar.org\/wp-content\/uploads\/2025\/10\/minyatuer-web-banner-350x151.jpg 350w\" sizes=\"(max-width: 1920px) 100vw, 1920px\" \/>                    <\/div>\n                    <div class=\"gsd-content gsd-contrast-light has-bg\" style=\"background-color: #e8ce83;\">\n                        <div class=\"gsd-text\">\n                                                            <h2 class=\"gsd-title\">Turkey and its Cities Miniature Exhibition-Japan<\/h2>\n                                                                                        <p class=\"gsd-desc\">Turkey and its Cities Miniature Exhibition-Japan<\/p>\n                                                    <\/div>\n                        <div class=\"gsd-actions\">\n                                                    <\/div>\n                    <\/div>\n                <\/div>\n                            <div class=\"gsd-slide\">\n                    <div class=\"gsd-image\" style=\"background-color: #601519;\">\n                        <img decoding=\"async\" width=\"1920\" height=\"827\" src=\"https:\/\/gelenekselsanatlar.org\/wp-content\/uploads\/2025\/10\/lale-8-100yil-sayi-web-banner.jpg\" class=\"gsd-img\" alt=\"Lale Dergisi Banner\" srcset=\"https:\/\/gelenekselsanatlar.org\/wp-content\/uploads\/2025\/10\/lale-8-100yil-sayi-web-banner.jpg 1920w, https:\/\/gelenekselsanatlar.org\/wp-content\/uploads\/2025\/10\/lale-8-100yil-sayi-web-banner-300x129.jpg 300w, https:\/\/gelenekselsanatlar.org\/wp-content\/uploads\/2025\/10\/lale-8-100yil-sayi-web-banner-768x331.jpg 768w, https:\/\/gelenekselsanatlar.org\/wp-content\/uploads\/2025\/10\/lale-8-100yil-sayi-web-banner-1024x441.jpg 1024w, https:\/\/gelenekselsanatlar.org\/wp-content\/uploads\/2025\/10\/lale-8-100yil-sayi-web-banner-1536x662.jpg 1536w, https:\/\/gelenekselsanatlar.org\/wp-content\/uploads\/2025\/10\/lale-8-100yil-sayi-web-banner-350x151.jpg 350w\" sizes=\"(max-width: 1920px) 100vw, 1920px\" \/>                    <\/div>\n                    <div class=\"gsd-content gsd-contrast-dark has-bg\" style=\"background-color: #601519;\">\n                        <div class=\"gsd-text\">\n                                                            <h2 class=\"gsd-title\">LALE Culture, Art and Civilization Magazine 100th Year Special Issue 8th issue is out!<\/h2>\n                                                                                        <p class=\"gsd-desc\">You can obtain LALE Culture, Art and Civilization magazine from www.lalesanat.com<\/p>\n                                                    <\/div>\n                        <div class=\"gsd-actions\">\n                                                            <a class=\"gsd-btn\" href=\"http:\/\/www.gelenekselsanatlar.org\/tr\/duyurular\/lale-dergisi-100-yil-ozel-sayisi-cikti\" \n                                   target=\"_blank\" style=\"background:#ffffff;color:#111111;border:2px solid rgba(255,255,255,0.35)\">\n                                    Read more...                                <\/a>\n                                                    <\/div>\n                    <\/div>\n                <\/div>\n                            <div class=\"gsd-slide\">\n                    <div class=\"gsd-image\" style=\"background-color: #3d3d3d;\">\n                        <img decoding=\"async\" width=\"1920\" height=\"820\" src=\"https:\/\/gelenekselsanatlar.org\/wp-content\/uploads\/2025\/11\/heritage-istanbul-web-banner.jpg\" class=\"gsd-img\" alt=\"\" srcset=\"https:\/\/gelenekselsanatlar.org\/wp-content\/uploads\/2025\/11\/heritage-istanbul-web-banner.jpg 1920w, https:\/\/gelenekselsanatlar.org\/wp-content\/uploads\/2025\/11\/heritage-istanbul-web-banner-300x128.jpg 300w, https:\/\/gelenekselsanatlar.org\/wp-content\/uploads\/2025\/11\/heritage-istanbul-web-banner-768x328.jpg 768w, https:\/\/gelenekselsanatlar.org\/wp-content\/uploads\/2025\/11\/heritage-istanbul-web-banner-1024x437.jpg 1024w, https:\/\/gelenekselsanatlar.org\/wp-content\/uploads\/2025\/11\/heritage-istanbul-web-banner-1536x656.jpg 1536w, https:\/\/gelenekselsanatlar.org\/wp-content\/uploads\/2025\/11\/heritage-istanbul-web-banner-350x149.jpg 350w\" sizes=\"(max-width: 1920px) 100vw, 1920px\" \/>                    <\/div>\n                    <div class=\"gsd-content gsd-contrast-dark has-bg\" style=\"background-color: #3d3d3d;\">\n                        <div class=\"gsd-text\">\n                                                            <h2 class=\"gsd-title\">Geleneksel Sanatlar Derne\u011fi 8. HERITAGE \u0130STANBUL Fuar\u0131&#8217;nda!<\/h2>\n                                                                                <\/div>\n                        <div class=\"gsd-actions\">\n                                                    <\/div>\n                    <\/div>\n                <\/div>\n                            <div class=\"gsd-slide\">\n                    <div class=\"gsd-image\" style=\"background-color: #2f517f;\">\n                        <img decoding=\"async\" width=\"1920\" height=\"827\" src=\"https:\/\/gelenekselsanatlar.org\/wp-content\/uploads\/2025\/11\/unesco-kis-okulu-2024.jpg\" class=\"gsd-img\" alt=\"\" srcset=\"https:\/\/gelenekselsanatlar.org\/wp-content\/uploads\/2025\/11\/unesco-kis-okulu-2024.jpg 1920w, https:\/\/gelenekselsanatlar.org\/wp-content\/uploads\/2025\/11\/unesco-kis-okulu-2024-300x129.jpg 300w, https:\/\/gelenekselsanatlar.org\/wp-content\/uploads\/2025\/11\/unesco-kis-okulu-2024-768x331.jpg 768w, https:\/\/gelenekselsanatlar.org\/wp-content\/uploads\/2025\/11\/unesco-kis-okulu-2024-1024x441.jpg 1024w, https:\/\/gelenekselsanatlar.org\/wp-content\/uploads\/2025\/11\/unesco-kis-okulu-2024-1536x662.jpg 1536w, https:\/\/gelenekselsanatlar.org\/wp-content\/uploads\/2025\/11\/unesco-kis-okulu-2024-350x151.jpg 350w\" sizes=\"(max-width: 1920px) 100vw, 1920px\" \/>                    <\/div>\n                    <div class=\"gsd-content gsd-contrast-dark has-bg\" style=\"background-color: #2f517f;\">\n                        <div class=\"gsd-text\">\n                                                            <h2 class=\"gsd-title\">VII. Intangible Cultural Heritage Winter School was held at Bal\u0131kesir City Council.<\/h2>\n                                                                                        <p class=\"gsd-desc\">VII. Intangible Cultural Heritage Winter School was held at Bal\u0131kesir City Council.<\/p>\n                                                    <\/div>\n                        <div class=\"gsd-actions\">\n                                                            <a class=\"gsd-btn\" href=\"http:\/\/www.gelenekselsanatlar.org\/tr\" \n                                   target=\"_blank\" style=\"background:#ffffff;color:#111111;border:2px solid rgba(255,255,255,0.35)\">\n                                    Read more...                                <\/a>\n                                                    <\/div>\n                    <\/div>\n                <\/div>\n                            <div class=\"gsd-slide\">\n                    <div class=\"gsd-image\" style=\"background-color: #e01822;\">\n                        <img decoding=\"async\" width=\"1920\" height=\"827\" src=\"https:\/\/gelenekselsanatlar.org\/wp-content\/uploads\/2025\/11\/sanatci-tanitma-karti.jpg\" class=\"gsd-img\" alt=\"\" srcset=\"https:\/\/gelenekselsanatlar.org\/wp-content\/uploads\/2025\/11\/sanatci-tanitma-karti.jpg 1920w, https:\/\/gelenekselsanatlar.org\/wp-content\/uploads\/2025\/11\/sanatci-tanitma-karti-300x129.jpg 300w, https:\/\/gelenekselsanatlar.org\/wp-content\/uploads\/2025\/11\/sanatci-tanitma-karti-768x331.jpg 768w, https:\/\/gelenekselsanatlar.org\/wp-content\/uploads\/2025\/11\/sanatci-tanitma-karti-1024x441.jpg 1024w, https:\/\/gelenekselsanatlar.org\/wp-content\/uploads\/2025\/11\/sanatci-tanitma-karti-1536x662.jpg 1536w, https:\/\/gelenekselsanatlar.org\/wp-content\/uploads\/2025\/11\/sanatci-tanitma-karti-350x151.jpg 350w\" sizes=\"(max-width: 1920px) 100vw, 1920px\" \/>                    <\/div>\n                    <div class=\"gsd-content gsd-contrast-dark has-bg\" style=\"background-color: #e01822;\">\n                        <div class=\"gsd-text\">\n                                                            <h2 class=\"gsd-title\">Sanat\u00e7\u0131 Tan\u0131tma Kart\u0131 Ba\u015fvurusu Ba\u015flad\u0131!<\/h2>\n                                                                                        <p class=\"gsd-desc\">2024 Y\u0131l\u0131 birinci d\u00f6nem Somut Olmayan K\u00fclt\u00fcrel Miras Ta\u015f\u0131y\u0131c\u0131l\u0131\u011f\u0131 Sanat\u00e7\u0131 Tan\u0131tma Kart\u0131 Ba\u015fvurusu i\u00e7in 02.01.2024 - 29.02.2024 tarihleri aras\u0131nda https:\/\/vatandas.ktb.gov.tr\/ adresinden yap\u0131labilirsiniz.<\/p>\n                                                    <\/div>\n                        <div class=\"gsd-actions\">\n                                                            <a class=\"gsd-btn\" href=\"http:\/\/www.gelenekselsanatlar.org\/tr\/duyurular\/sanatci-tanitma-karti-basvurusu\" \n                                   target=\"_blank\" style=\"background:#ffffff;color:#111111;border:2px solid rgba(255,255,255,0.35)\">\n                                    Read more...                                <\/a>\n                                                    <\/div>\n                    <\/div>\n                <\/div>\n                            <div class=\"gsd-slide\">\n                    <div class=\"gsd-image\" style=\"background-color: #f6a594;\">\n                        <img decoding=\"async\" width=\"2560\" height=\"1104\" src=\"https:\/\/gelenekselsanatlar.org\/wp-content\/uploads\/2025\/11\/gelenegi-korumak-1920x828-1-scaled.jpg\" class=\"gsd-img\" alt=\"\" srcset=\"https:\/\/gelenekselsanatlar.org\/wp-content\/uploads\/2025\/11\/gelenegi-korumak-1920x828-1-scaled.jpg 2560w, https:\/\/gelenekselsanatlar.org\/wp-content\/uploads\/2025\/11\/gelenegi-korumak-1920x828-1-300x129.jpg 300w, https:\/\/gelenekselsanatlar.org\/wp-content\/uploads\/2025\/11\/gelenegi-korumak-1920x828-1-768x331.jpg 768w, https:\/\/gelenekselsanatlar.org\/wp-content\/uploads\/2025\/11\/gelenegi-korumak-1920x828-1-1024x442.jpg 1024w, https:\/\/gelenekselsanatlar.org\/wp-content\/uploads\/2025\/11\/gelenegi-korumak-1920x828-1-1536x662.jpg 1536w, https:\/\/gelenekselsanatlar.org\/wp-content\/uploads\/2025\/11\/gelenegi-korumak-1920x828-1-2048x883.jpg 2048w, https:\/\/gelenekselsanatlar.org\/wp-content\/uploads\/2025\/11\/gelenegi-korumak-1920x828-1-350x151.jpg 350w\" sizes=\"(max-width: 2560px) 100vw, 2560px\" \/>                    <\/div>\n                    <div class=\"gsd-content gsd-contrast-light has-bg\" style=\"background-color: #f6a594;\">\n                        <div class=\"gsd-text\">\n                                                            <h2 class=\"gsd-title\">GELENE\u011e\u0130 KORUMAK Ebru, Minyat\u00fcr, H\u00fcsn-i Hat Unsurlar\u0131n\u0131 Koruma Eylem Pl\u00e2n\u0131 \u00c7al\u0131\u015ftay\u0131 Ba\u015fl\u0131yor!<\/h2>\n                                                                                        <p class=\"gsd-desc\">GELENE\u011e\u0130 KORUMAK Ebru, Minyat\u00fcr, H\u00fcsn-\u0130 Hat Unsurlar\u0131n\u0131n Koruma Eylem Pl\u00e2n\u0131 \u00c7al\u0131\u015ftay\u0131 10-11 Ekim 2023 tarihlerinde Rami K\u00fct\u00fcphanesinde d\u00fczenlenecek.<\/p>\n                                                    <\/div>\n                        <div class=\"gsd-actions\">\n                                                            <a class=\"gsd-btn\" href=\"http:\/\/www.gelenekselsanatlar.org\/tr\/duyurular\/gelenegi-korumak-ebru-minyatur-husn-i-hat-unsurlarini-koruma-eylem-plani-calistayi\" \n                                   target=\"_blank\" style=\"background:#111111;color:#ffffff;border:2px solid #111111\">\n                                    Read more...                                <\/a>\n                                                    <\/div>\n                    <\/div>\n                <\/div>\n                            <div class=\"gsd-slide\">\n                    <div class=\"gsd-image\" style=\"background-color: #96895f;\">\n                        <img decoding=\"async\" width=\"1920\" height=\"828\" src=\"https:\/\/gelenekselsanatlar.org\/wp-content\/uploads\/2025\/11\/gsd-banner2.jpg\" class=\"gsd-img\" alt=\"\" srcset=\"https:\/\/gelenekselsanatlar.org\/wp-content\/uploads\/2025\/11\/gsd-banner2.jpg 1920w, https:\/\/gelenekselsanatlar.org\/wp-content\/uploads\/2025\/11\/gsd-banner2-300x129.jpg 300w, https:\/\/gelenekselsanatlar.org\/wp-content\/uploads\/2025\/11\/gsd-banner2-768x331.jpg 768w, https:\/\/gelenekselsanatlar.org\/wp-content\/uploads\/2025\/11\/gsd-banner2-1024x442.jpg 1024w, https:\/\/gelenekselsanatlar.org\/wp-content\/uploads\/2025\/11\/gsd-banner2-1536x662.jpg 1536w, https:\/\/gelenekselsanatlar.org\/wp-content\/uploads\/2025\/11\/gsd-banner2-350x151.jpg 350w\" sizes=\"(max-width: 1920px) 100vw, 1920px\" \/>                    <\/div>\n                    <div class=\"gsd-content gsd-contrast-light has-bg\" style=\"background-color: #96895f;\">\n                        <div class=\"gsd-text\">\n                                                            <h2 class=\"gsd-title\">Traditional Arts Association Activities<\/h2>\n                                                                                        <p class=\"gsd-desc\">Activities<\/p>\n                                                    <\/div>\n                        <div class=\"gsd-actions\">\n                                                            <a class=\"gsd-btn\" href=\"http:\/\/gelenekselsanatlar.org\/en\/faaliyetler\" \n                                   target=\"_blank\" style=\"background:#111111;color:#ffffff;border:2px solid #111111\">\n                                    Read more...                                <\/a>\n                                                    <\/div>\n                    <\/div>\n                <\/div>\n                            <div class=\"gsd-slide\">\n                    <div class=\"gsd-image\" style=\"background-color: #11192c;\">\n                        <img decoding=\"async\" width=\"1920\" height=\"827\" src=\"https:\/\/gelenekselsanatlar.org\/wp-content\/uploads\/2025\/11\/ircica-web-banner.jpg\" class=\"gsd-img\" alt=\"\" srcset=\"https:\/\/gelenekselsanatlar.org\/wp-content\/uploads\/2025\/11\/ircica-web-banner.jpg 1920w, https:\/\/gelenekselsanatlar.org\/wp-content\/uploads\/2025\/11\/ircica-web-banner-300x129.jpg 300w, https:\/\/gelenekselsanatlar.org\/wp-content\/uploads\/2025\/11\/ircica-web-banner-768x331.jpg 768w, https:\/\/gelenekselsanatlar.org\/wp-content\/uploads\/2025\/11\/ircica-web-banner-1024x441.jpg 1024w, https:\/\/gelenekselsanatlar.org\/wp-content\/uploads\/2025\/11\/ircica-web-banner-1536x662.jpg 1536w, https:\/\/gelenekselsanatlar.org\/wp-content\/uploads\/2025\/11\/ircica-web-banner-350x151.jpg 350w\" sizes=\"(max-width: 1920px) 100vw, 1920px\" \/>                    <\/div>\n                    <div class=\"gsd-content gsd-contrast-dark has-bg\" style=\"background-color: #11192c;\">\n                        <div class=\"gsd-text\">\n                                                            <h2 class=\"gsd-title\">Traditional Arts Association and IRCICA signed a cooperation protocol<\/h2>\n                                                                                        <p class=\"gsd-desc\">The signing ceremony of the protocol was held at IRCICA&#039;s headquarters in G\u00fclhane on Monday, September 18, at 11:00 a.m. with the members of the GSD board of directors, who were received by IRCICA Director General Prof. Mahmud Erol K\u0131l\u0131\u00e7.<\/p>\n                                                    <\/div>\n                        <div class=\"gsd-actions\">\n                                                            <a class=\"gsd-btn\" href=\"http:\/\/www.gelenekselsanatlar.org\/tr\/duyurular\/gsd-ile-ircica-is-birligi-protokolu-imzalandi\" \n                                   target=\"_blank\" style=\"background:#ffffff;color:#111111;border:2px solid rgba(255,255,255,0.35)\">\n                                    Read more...                                <\/a>\n                                                    <\/div>\n                    <\/div>\n                <\/div>\n                            <div class=\"gsd-slide\">\n                    <div class=\"gsd-image\" style=\"background-color: #bc1e2d;\">\n                        <img decoding=\"async\" width=\"2560\" height=\"1104\" src=\"https:\/\/gelenekselsanatlar.org\/wp-content\/uploads\/2025\/11\/craftistanbul-atoelyeler-story2-07-scaled.jpg\" class=\"gsd-img\" alt=\"\" srcset=\"https:\/\/gelenekselsanatlar.org\/wp-content\/uploads\/2025\/11\/craftistanbul-atoelyeler-story2-07-scaled.jpg 2560w, https:\/\/gelenekselsanatlar.org\/wp-content\/uploads\/2025\/11\/craftistanbul-atoelyeler-story2-07-1024x441.jpg 1024w, https:\/\/gelenekselsanatlar.org\/wp-content\/uploads\/2025\/11\/craftistanbul-atoelyeler-story2-07-300x129.jpg 300w, https:\/\/gelenekselsanatlar.org\/wp-content\/uploads\/2025\/11\/craftistanbul-atoelyeler-story2-07-768x331.jpg 768w, https:\/\/gelenekselsanatlar.org\/wp-content\/uploads\/2025\/11\/craftistanbul-atoelyeler-story2-07-1536x662.jpg 1536w, https:\/\/gelenekselsanatlar.org\/wp-content\/uploads\/2025\/11\/craftistanbul-atoelyeler-story2-07-2048x883.jpg 2048w, https:\/\/gelenekselsanatlar.org\/wp-content\/uploads\/2025\/11\/craftistanbul-atoelyeler-story2-07-350x151.jpg 350w\" sizes=\"(max-width: 2560px) 100vw, 2560px\" \/>                    <\/div>\n                    <div class=\"gsd-content gsd-contrast-dark has-bg\" style=\"background-color: #bc1e2d;\">\n                        <div class=\"gsd-text\">\n                                                            <h2 class=\"gsd-title\">Traditional Arts Association CRAFT\u0130STANBUL 4th International Handicrafts and Design Fair<\/h2>\n                                                                                        <p class=\"gsd-desc\">Traditional Arts Association CRAFT\u0130STANBUL 4th International Handicrafts and Design Fair<\/p>\n                                                    <\/div>\n                        <div class=\"gsd-actions\">\n                                                            <a class=\"gsd-btn\" href=\"http:\/\/www.gelenekselsanatlar.org\/tr\/duyurular\" \n                                   target=\"_blank\" style=\"background:#ffffff;color:#111111;border:2px solid rgba(255,255,255,0.35)\">\n                                    Read more...                                <\/a>\n                                                    <\/div>\n                    <\/div>\n                <\/div>\n                            <div class=\"gsd-slide\">\n                    <div class=\"gsd-image\" style=\"background-color: #e8e8e8;\">\n                        <img decoding=\"async\" width=\"1920\" height=\"828\" src=\"https:\/\/gelenekselsanatlar.org\/wp-content\/uploads\/2025\/11\/gsd-ab-banner.jpg\" class=\"gsd-img\" alt=\"\" srcset=\"https:\/\/gelenekselsanatlar.org\/wp-content\/uploads\/2025\/11\/gsd-ab-banner.jpg 1920w, https:\/\/gelenekselsanatlar.org\/wp-content\/uploads\/2025\/11\/gsd-ab-banner-300x129.jpg 300w, https:\/\/gelenekselsanatlar.org\/wp-content\/uploads\/2025\/11\/gsd-ab-banner-768x331.jpg 768w, https:\/\/gelenekselsanatlar.org\/wp-content\/uploads\/2025\/11\/gsd-ab-banner-1024x442.jpg 1024w, https:\/\/gelenekselsanatlar.org\/wp-content\/uploads\/2025\/11\/gsd-ab-banner-1536x662.jpg 1536w, https:\/\/gelenekselsanatlar.org\/wp-content\/uploads\/2025\/11\/gsd-ab-banner-350x151.jpg 350w\" sizes=\"(max-width: 1920px) 100vw, 1920px\" \/>                    <\/div>\n                    <div class=\"gsd-content gsd-contrast-light has-bg\" style=\"background-color: #e8e8e8;\">\n                        <div class=\"gsd-text\">\n                                                            <h2 class=\"gsd-title\">\u201cAnadolu\u2019dan Zanaatlar Avrupa\u2019dan Tasar\u0131mlar\u201d AB Projesi<\/h2>\n                                                                                        <p class=\"gsd-desc\">\u201cAnadolu\u2019dan Zanaatlar Avrupa\u2019dan Tasar\u0131mlar\u201d AB Projesi i\u00e7in K\u0131sa Film \u00c7ekimleri Ba\u015fl\u0131yor<\/p>\n                                                    <\/div>\n                        <div class=\"gsd-actions\">\n                                                            <a class=\"gsd-btn\" href=\"http:\/\/www.gelenekselsanatlar.org\/en\/duyurular\/anadoludan-zanaatlar-avrupadan-tasarimlar-ab-projesi-icin-kisa-film-cekimleri-basliyor\" \n                                   target=\"_blank\" style=\"background:#111111;color:#ffffff;border:2px solid #111111\">\n                                    Read more...                                <\/a>\n                                                    <\/div>\n                    <\/div>\n                <\/div>\n                            <div class=\"gsd-slide\">\n                    <div class=\"gsd-image\" style=\"background-color: #36c587;\">\n                        <img decoding=\"async\" width=\"1920\" height=\"827\" src=\"https:\/\/gelenekselsanatlar.org\/wp-content\/uploads\/2025\/11\/gsd-unesco.jpg\" class=\"gsd-img\" alt=\"\" srcset=\"https:\/\/gelenekselsanatlar.org\/wp-content\/uploads\/2025\/11\/gsd-unesco.jpg 1920w, https:\/\/gelenekselsanatlar.org\/wp-content\/uploads\/2025\/11\/gsd-unesco-300x129.jpg 300w, https:\/\/gelenekselsanatlar.org\/wp-content\/uploads\/2025\/11\/gsd-unesco-768x331.jpg 768w, https:\/\/gelenekselsanatlar.org\/wp-content\/uploads\/2025\/11\/gsd-unesco-1024x441.jpg 1024w, https:\/\/gelenekselsanatlar.org\/wp-content\/uploads\/2025\/11\/gsd-unesco-1536x662.jpg 1536w, https:\/\/gelenekselsanatlar.org\/wp-content\/uploads\/2025\/11\/gsd-unesco-350x151.jpg 350w\" sizes=\"(max-width: 1920px) 100vw, 1920px\" \/>                    <\/div>\n                    <div class=\"gsd-content gsd-contrast-light has-bg\" style=\"background-color: #36c587;\">\n                        <div class=\"gsd-text\">\n                                                            <h2 class=\"gsd-title\">Visitation of UNESCO National Committee of Turkey<\/h2>\n                                                                                        <p class=\"gsd-desc\">Traditional Arts Association, chairman of Turkey Ahmet Akcan visited the chairman of UNESCO National Commission Prof. M. \u00d6cal O\u011fuz.<\/p>\n                                                    <\/div>\n                        <div class=\"gsd-actions\">\n                                                    <\/div>\n                    <\/div>\n                <\/div>\n                            <div class=\"gsd-slide\">\n                    <div class=\"gsd-image\" style=\"background-color: #23bd9b;\">\n                        <img decoding=\"async\" width=\"1920\" height=\"774\" src=\"https:\/\/gelenekselsanatlar.org\/wp-content\/uploads\/2025\/11\/unseco-mauritius-myTzO17BnSYgWelz.jpg\" class=\"gsd-img\" alt=\"\" srcset=\"https:\/\/gelenekselsanatlar.org\/wp-content\/uploads\/2025\/11\/unseco-mauritius-myTzO17BnSYgWelz.jpg 1920w, https:\/\/gelenekselsanatlar.org\/wp-content\/uploads\/2025\/11\/unseco-mauritius-myTzO17BnSYgWelz-300x121.jpg 300w, https:\/\/gelenekselsanatlar.org\/wp-content\/uploads\/2025\/11\/unseco-mauritius-myTzO17BnSYgWelz-768x310.jpg 768w, https:\/\/gelenekselsanatlar.org\/wp-content\/uploads\/2025\/11\/unseco-mauritius-myTzO17BnSYgWelz-1024x413.jpg 1024w, https:\/\/gelenekselsanatlar.org\/wp-content\/uploads\/2025\/11\/unseco-mauritius-myTzO17BnSYgWelz-1536x619.jpg 1536w, https:\/\/gelenekselsanatlar.org\/wp-content\/uploads\/2025\/11\/unseco-mauritius-myTzO17BnSYgWelz-350x141.jpg 350w\" sizes=\"(max-width: 1920px) 100vw, 1920px\" \/>                    <\/div>\n                    <div class=\"gsd-content gsd-contrast-light has-bg\" style=\"background-color: #23bd9b;\">\n                        <div class=\"gsd-text\">\n                                                            <h2 class=\"gsd-title\">TRADITIONAL ARTS ASSOCIATION UNESCO ICH Accredited NGOs Meeting REPORT 24 &#8211; 30 DECEMBER 2018 MAURITIUS | 08.01.2019<\/h2>\n                                                                                        <p class=\"gsd-desc\">TRADITIONAL ARTS ASSOCIATION UNESCO ICH Accredited NGOs Meeting REPORT 24 - 30 DECEMBER 2018 MAURITIUS | 08.01.2019<\/p>\n                                                    <\/div>\n                        <div class=\"gsd-actions\">\n                                                            <a class=\"gsd-btn\" href=\"http:\/\/www.gelenekselsanatlar.org\/en\/duyurular\/traditional-arts-association-unesco-ich-accredited-ngos-meeting-report-24-30-december-2018-mauritius-08012019\" \n                                   target=\"_blank\" style=\"background:#111111;color:#ffffff;border:2px solid #111111\">\n                                    Read more...                                <\/a>\n                                                    <\/div>\n                    <\/div>\n                <\/div>\n                            <div class=\"gsd-slide\">\n                    <div class=\"gsd-image\" style=\"background-color: #cdc3c1;\">\n                        <img decoding=\"async\" width=\"1600\" height=\"690\" src=\"https:\/\/gelenekselsanatlar.org\/wp-content\/uploads\/2025\/11\/whatsapp-image-2021-06-28-at-171846.jpeg\" class=\"gsd-img\" alt=\"\" srcset=\"https:\/\/gelenekselsanatlar.org\/wp-content\/uploads\/2025\/11\/whatsapp-image-2021-06-28-at-171846.jpeg 1600w, https:\/\/gelenekselsanatlar.org\/wp-content\/uploads\/2025\/11\/whatsapp-image-2021-06-28-at-171846-300x129.jpeg 300w, https:\/\/gelenekselsanatlar.org\/wp-content\/uploads\/2025\/11\/whatsapp-image-2021-06-28-at-171846-768x331.jpeg 768w, https:\/\/gelenekselsanatlar.org\/wp-content\/uploads\/2025\/11\/whatsapp-image-2021-06-28-at-171846-1024x442.jpeg 1024w, https:\/\/gelenekselsanatlar.org\/wp-content\/uploads\/2025\/11\/whatsapp-image-2021-06-28-at-171846-1536x662.jpeg 1536w, https:\/\/gelenekselsanatlar.org\/wp-content\/uploads\/2025\/11\/whatsapp-image-2021-06-28-at-171846-350x151.jpeg 350w\" sizes=\"(max-width: 1600px) 100vw, 1600px\" \/>                    <\/div>\n                    <div class=\"gsd-content gsd-contrast-light has-bg\" style=\"background-color: #cdc3c1;\">\n                        <div class=\"gsd-text\">\n                                                            <h2 class=\"gsd-title\">Traditional Arts Association Commissions were Established.<\/h2>\n                                                                                        <p class=\"gsd-desc\">Traditional Arts Association Commissions were Established.<\/p>\n                                                    <\/div>\n                        <div class=\"gsd-actions\">\n                                                            <a class=\"gsd-btn\" href=\"http:\/\/www.gelenekselsanatlar.org\/en\/duyurular\/geleneksel-sanatlar-dernegi-komisyonlari-olusturuldu\" \n                                   target=\"_blank\" style=\"background:#111111;color:#ffffff;border:2px solid #111111\">\n                                    Read more...                                <\/a>\n                                                    <\/div>\n                    <\/div>\n                <\/div>\n                            <div class=\"gsd-slide\">\n                    <div class=\"gsd-image\" style=\"background-color: #09a4d2;\">\n                        <img decoding=\"async\" width=\"1920\" height=\"828\" src=\"https:\/\/gelenekselsanatlar.org\/wp-content\/uploads\/2025\/11\/gsd-banner9.jpg\" class=\"gsd-img\" alt=\"\" srcset=\"https:\/\/gelenekselsanatlar.org\/wp-content\/uploads\/2025\/11\/gsd-banner9.jpg 1920w, https:\/\/gelenekselsanatlar.org\/wp-content\/uploads\/2025\/11\/gsd-banner9-300x129.jpg 300w, https:\/\/gelenekselsanatlar.org\/wp-content\/uploads\/2025\/11\/gsd-banner9-768x331.jpg 768w, https:\/\/gelenekselsanatlar.org\/wp-content\/uploads\/2025\/11\/gsd-banner9-1024x442.jpg 1024w, https:\/\/gelenekselsanatlar.org\/wp-content\/uploads\/2025\/11\/gsd-banner9-1536x662.jpg 1536w, https:\/\/gelenekselsanatlar.org\/wp-content\/uploads\/2025\/11\/gsd-banner9-350x151.jpg 350w\" sizes=\"(max-width: 1920px) 100vw, 1920px\" \/>                    <\/div>\n                    <div class=\"gsd-content gsd-contrast-light has-bg\" style=\"background-color: #09a4d2;\">\n                        <div class=\"gsd-text\">\n                                                            <h2 class=\"gsd-title\">The Masters of Istanbul\u2019s Documentaries<\/h2>\n                                                                                        <p class=\"gsd-desc\">2010<\/p>\n                                                    <\/div>\n                        <div class=\"gsd-actions\">\n                                                            <a class=\"gsd-btn\" href=\"http:\/\/gelenekselsanatlar.org\/en\/faaliyetler\/sempozyum\/istanbulun-ustalari-projesi\" \n                                   target=\"_blank\" style=\"background:#111111;color:#ffffff;border:2px solid #111111\">\n                                    Read more...                                <\/a>\n                                                    <\/div>\n                    <\/div>\n                <\/div>\n                            <div class=\"gsd-slide\">\n                    <div class=\"gsd-image\" style=\"background-color: #c5ccc5;\">\n                        <img decoding=\"async\" width=\"1920\" height=\"828\" src=\"https:\/\/gelenekselsanatlar.org\/wp-content\/uploads\/2025\/11\/gsd-banner6.jpg\" class=\"gsd-img\" alt=\"\" srcset=\"https:\/\/gelenekselsanatlar.org\/wp-content\/uploads\/2025\/11\/gsd-banner6.jpg 1920w, https:\/\/gelenekselsanatlar.org\/wp-content\/uploads\/2025\/11\/gsd-banner6-300x129.jpg 300w, https:\/\/gelenekselsanatlar.org\/wp-content\/uploads\/2025\/11\/gsd-banner6-768x331.jpg 768w, https:\/\/gelenekselsanatlar.org\/wp-content\/uploads\/2025\/11\/gsd-banner6-1024x442.jpg 1024w, https:\/\/gelenekselsanatlar.org\/wp-content\/uploads\/2025\/11\/gsd-banner6-1536x662.jpg 1536w, https:\/\/gelenekselsanatlar.org\/wp-content\/uploads\/2025\/11\/gsd-banner6-350x151.jpg 350w\" sizes=\"(max-width: 1920px) 100vw, 1920px\" \/>                    <\/div>\n                    <div class=\"gsd-content gsd-contrast-light has-bg\" style=\"background-color: #c5ccc5;\">\n                        <div class=\"gsd-text\">\n                                                            <h2 class=\"gsd-title\">Patchwork Contest<\/h2>\n                                                                                        <p class=\"gsd-desc\">2017<\/p>\n                                                    <\/div>\n                        <div class=\"gsd-actions\">\n                                                            <a class=\"gsd-btn\" href=\"http:\/\/gelenekselsanatlar.org\/en\/faaliyetler\/yarisma\/kirkyama-yarismasi\" \n                                   target=\"_blank\" style=\"background:#111111;color:#ffffff;border:2px solid #111111\">\n                                    Read more...                                <\/a>\n                                                    <\/div>\n                    <\/div>\n                <\/div>\n                            <div class=\"gsd-slide\">\n                    <div class=\"gsd-image\" style=\"background-color: #d5e5f5;\">\n                        <img decoding=\"async\" width=\"1920\" height=\"828\" src=\"https:\/\/gelenekselsanatlar.org\/wp-content\/uploads\/2025\/11\/gsd-banner4.jpg\" class=\"gsd-img\" alt=\"\" srcset=\"https:\/\/gelenekselsanatlar.org\/wp-content\/uploads\/2025\/11\/gsd-banner4.jpg 1920w, https:\/\/gelenekselsanatlar.org\/wp-content\/uploads\/2025\/11\/gsd-banner4-300x129.jpg 300w, https:\/\/gelenekselsanatlar.org\/wp-content\/uploads\/2025\/11\/gsd-banner4-768x331.jpg 768w, https:\/\/gelenekselsanatlar.org\/wp-content\/uploads\/2025\/11\/gsd-banner4-1024x442.jpg 1024w, https:\/\/gelenekselsanatlar.org\/wp-content\/uploads\/2025\/11\/gsd-banner4-1536x662.jpg 1536w, https:\/\/gelenekselsanatlar.org\/wp-content\/uploads\/2025\/11\/gsd-banner4-350x151.jpg 350w\" sizes=\"(max-width: 1920px) 100vw, 1920px\" \/>                    <\/div>\n                    <div class=\"gsd-content gsd-contrast-light has-bg\" style=\"background-color: #d5e5f5;\">\n                        <div class=\"gsd-text\">\n                                                            <h2 class=\"gsd-title\">Today&#8217;s Youth are Tomorrow&#8217;s Masters Symposium<\/h2>\n                                                                                        <p class=\"gsd-desc\">2016<\/p>\n                                                    <\/div>\n                        <div class=\"gsd-actions\">\n                                                            <a class=\"gsd-btn\" href=\"http:\/\/gelenekselsanatlar.org\/en\/faaliyetler\/sempozyum\/bugunun-gencleri-yarinin-ustalari-sempozyumu\" \n                                   target=\"_blank\" style=\"background:#111111;color:#ffffff;border:2px solid #111111\">\n                                    Read more...                                <\/a>\n                                                    <\/div>\n                    <\/div>\n                <\/div>\n                            <div class=\"gsd-slide\">\n                    <div class=\"gsd-image\" style=\"background-color: #34c18c;\">\n                        <img decoding=\"async\" width=\"1919\" height=\"827\" src=\"https:\/\/gelenekselsanatlar.org\/wp-content\/uploads\/2025\/11\/gsd-banner-genel-kurul6-ieYOsv6cHS0z5hnm.jpg\" class=\"gsd-img\" alt=\"\" srcset=\"https:\/\/gelenekselsanatlar.org\/wp-content\/uploads\/2025\/11\/gsd-banner-genel-kurul6-ieYOsv6cHS0z5hnm.jpg 1919w, https:\/\/gelenekselsanatlar.org\/wp-content\/uploads\/2025\/11\/gsd-banner-genel-kurul6-ieYOsv6cHS0z5hnm-300x129.jpg 300w, https:\/\/gelenekselsanatlar.org\/wp-content\/uploads\/2025\/11\/gsd-banner-genel-kurul6-ieYOsv6cHS0z5hnm-768x331.jpg 768w, https:\/\/gelenekselsanatlar.org\/wp-content\/uploads\/2025\/11\/gsd-banner-genel-kurul6-ieYOsv6cHS0z5hnm-1024x441.jpg 1024w, https:\/\/gelenekselsanatlar.org\/wp-content\/uploads\/2025\/11\/gsd-banner-genel-kurul6-ieYOsv6cHS0z5hnm-1536x662.jpg 1536w, https:\/\/gelenekselsanatlar.org\/wp-content\/uploads\/2025\/11\/gsd-banner-genel-kurul6-ieYOsv6cHS0z5hnm-350x151.jpg 350w\" sizes=\"(max-width: 1919px) 100vw, 1919px\" \/>                    <\/div>\n                    <div class=\"gsd-content gsd-contrast-light has-bg\" style=\"background-color: #34c18c;\">\n                        <div class=\"gsd-text\">\n                                                            <h2 class=\"gsd-title\">TRADITIONAL ARTS ASSOCIATION EXCEPTIONAL GENERAL ASSEMBLY<\/h2>\n                                                                                <\/div>\n                        <div class=\"gsd-actions\">\n                                                    <\/div>\n                    <\/div>\n                <\/div>\n                            <div class=\"gsd-slide\">\n                    <div class=\"gsd-image\" style=\"background-color: #f9b51d;\">\n                        <img decoding=\"async\" width=\"1080\" height=\"600\" src=\"https:\/\/gelenekselsanatlar.org\/wp-content\/uploads\/2025\/11\/gg2.png\" class=\"gsd-img\" alt=\"\" srcset=\"https:\/\/gelenekselsanatlar.org\/wp-content\/uploads\/2025\/11\/gg2.png 1080w, https:\/\/gelenekselsanatlar.org\/wp-content\/uploads\/2025\/11\/gg2-300x167.png 300w, https:\/\/gelenekselsanatlar.org\/wp-content\/uploads\/2025\/11\/gg2-768x427.png 768w, https:\/\/gelenekselsanatlar.org\/wp-content\/uploads\/2025\/11\/gg2-1024x569.png 1024w, https:\/\/gelenekselsanatlar.org\/wp-content\/uploads\/2025\/11\/gg2-350x194.png 350w\" sizes=\"(max-width: 1080px) 100vw, 1080px\" \/>                    <\/div>\n                    <div class=\"gsd-content gsd-contrast-light has-bg\" style=\"background-color: #f9b51d;\">\n                        <div class=\"gsd-text\">\n                                                            <h2 class=\"gsd-title\">From Tradition to Future Project<\/h2>\n                                                                                        <p class=\"gsd-desc\">The TRADITION TO FUTURE PROJECT, which will be realized within the scope of the Cultural Industries Support Program of the General Directorate of Copyright of the Ministry of Culture and Tourism of the Republic of Turkey, will include many trainings, interviews, workshop meetings and for the first time in Turkey, Tradition to Future Film Days will be held.<\/p>\n                                                    <\/div>\n                        <div class=\"gsd-actions\">\n                                                            <a class=\"gsd-btn\" href=\"http:\/\/www.gelenekselsanatlar.org\/tr\/duyurular\/gelenekten-gelecege-projesi-basladi\" \n                                   target=\"_blank\" style=\"background:#111111;color:#ffffff;border:2px solid #111111\">\n                                    Read more...                                <\/a>\n                                                    <\/div>\n                    <\/div>\n                <\/div>\n                            <div class=\"gsd-slide\">\n                    <div class=\"gsd-image\" style=\"background-color: #eedbbd;\">\n                        <img decoding=\"async\" width=\"1920\" height=\"827\" src=\"https:\/\/gelenekselsanatlar.org\/wp-content\/uploads\/2025\/11\/gonullu-ol-banner.jpg\" class=\"gsd-img\" alt=\"\" srcset=\"https:\/\/gelenekselsanatlar.org\/wp-content\/uploads\/2025\/11\/gonullu-ol-banner.jpg 1920w, https:\/\/gelenekselsanatlar.org\/wp-content\/uploads\/2025\/11\/gonullu-ol-banner-300x129.jpg 300w, https:\/\/gelenekselsanatlar.org\/wp-content\/uploads\/2025\/11\/gonullu-ol-banner-768x331.jpg 768w, https:\/\/gelenekselsanatlar.org\/wp-content\/uploads\/2025\/11\/gonullu-ol-banner-1024x441.jpg 1024w, https:\/\/gelenekselsanatlar.org\/wp-content\/uploads\/2025\/11\/gonullu-ol-banner-1536x662.jpg 1536w, https:\/\/gelenekselsanatlar.org\/wp-content\/uploads\/2025\/11\/gonullu-ol-banner-350x151.jpg 350w\" sizes=\"(max-width: 1920px) 100vw, 1920px\" \/>                    <\/div>\n                    <div class=\"gsd-content gsd-contrast-light has-bg\" style=\"background-color: #eedbbd;\">\n                        <div class=\"gsd-text\">\n                                                            <h2 class=\"gsd-title\">Let&#8217;s Volunteer!<\/h2>\n                                                                                        <p class=\"gsd-desc\">In our &quot;Will You Paint My Dreams?&quot; project, prepared in cooperation with the Traditional Arts Association and Give Color to Life, the walls of children&#039;s hospitals are colored to contribute to the recovery process by increasing the morale of children undergoing long-term treatment.   Would you like to join our &quot;Dream Painter&quot; team consisting of art teachers, illustrators and painter volunteers?  You can fill out the form for the volunteer working group from the link below.<\/p>\n                                                    <\/div>\n                        <div class=\"gsd-actions\">\n                                                    <\/div>\n                    <\/div>\n                <\/div>\n                            <div class=\"gsd-slide\">\n                    <div class=\"gsd-image\" style=\"background-color: #d9ecf0;\">\n                        <img decoding=\"async\" width=\"1920\" height=\"827\" src=\"https:\/\/gelenekselsanatlar.org\/wp-content\/uploads\/2025\/11\/banner-dS1HMvNpw4yTZgFi.jpg\" class=\"gsd-img\" alt=\"\" srcset=\"https:\/\/gelenekselsanatlar.org\/wp-content\/uploads\/2025\/11\/banner-dS1HMvNpw4yTZgFi.jpg 1920w, https:\/\/gelenekselsanatlar.org\/wp-content\/uploads\/2025\/11\/banner-dS1HMvNpw4yTZgFi-300x129.jpg 300w, https:\/\/gelenekselsanatlar.org\/wp-content\/uploads\/2025\/11\/banner-dS1HMvNpw4yTZgFi-768x331.jpg 768w, https:\/\/gelenekselsanatlar.org\/wp-content\/uploads\/2025\/11\/banner-dS1HMvNpw4yTZgFi-1024x441.jpg 1024w, https:\/\/gelenekselsanatlar.org\/wp-content\/uploads\/2025\/11\/banner-dS1HMvNpw4yTZgFi-1536x662.jpg 1536w, https:\/\/gelenekselsanatlar.org\/wp-content\/uploads\/2025\/11\/banner-dS1HMvNpw4yTZgFi-350x151.jpg 350w\" sizes=\"(max-width: 1920px) 100vw, 1920px\" \/>                    <\/div>\n                    <div class=\"gsd-content gsd-contrast-light has-bg\" style=\"background-color: #d9ecf0;\">\n                        <div class=\"gsd-text\">\n                                                            <h2 class=\"gsd-title\">Will you paint my dreams?<\/h2>\n                                                                                        <p class=\"gsd-desc\">In cooperation with the Traditional Arts Association and Give Color to Life, the walls of the children&#039;s unit were colored with nearly a hundred volunteer illustrators at \u00dcmraniye Training and Research Hospital on 8-9-10 December 2022 in order to contribute to the recovery process of children undergoing long-term treatment by increasing their morale.<\/p>\n                                                    <\/div>\n                        <div class=\"gsd-actions\">\n                                                    <\/div>\n                    <\/div>\n                <\/div>\n                            <div class=\"gsd-slide\">\n                    <div class=\"gsd-image\" style=\"background-color: #28bf94;\">\n                        <img decoding=\"async\" width=\"1920\" height=\"828\" src=\"https:\/\/gelenekselsanatlar.org\/wp-content\/uploads\/2025\/11\/graz-T1a7B6Iz19S0IVeK.jpg\" class=\"gsd-img\" alt=\"\" srcset=\"https:\/\/gelenekselsanatlar.org\/wp-content\/uploads\/2025\/11\/graz-T1a7B6Iz19S0IVeK.jpg 1920w, https:\/\/gelenekselsanatlar.org\/wp-content\/uploads\/2025\/11\/graz-T1a7B6Iz19S0IVeK-300x129.jpg 300w, https:\/\/gelenekselsanatlar.org\/wp-content\/uploads\/2025\/11\/graz-T1a7B6Iz19S0IVeK-768x331.jpg 768w, https:\/\/gelenekselsanatlar.org\/wp-content\/uploads\/2025\/11\/graz-T1a7B6Iz19S0IVeK-1024x442.jpg 1024w, https:\/\/gelenekselsanatlar.org\/wp-content\/uploads\/2025\/11\/graz-T1a7B6Iz19S0IVeK-1536x662.jpg 1536w, https:\/\/gelenekselsanatlar.org\/wp-content\/uploads\/2025\/11\/graz-T1a7B6Iz19S0IVeK-350x151.jpg 350w\" sizes=\"(max-width: 1920px) 100vw, 1920px\" \/>                    <\/div>\n                    <div class=\"gsd-content gsd-contrast-light has-bg\" style=\"background-color: #28bf94;\">\n                        <div class=\"gsd-text\">\n                                                            <h2 class=\"gsd-title\">We Attended the Designmonat Design Festival in Austria.<\/h2>\n                                                                                        <p class=\"gsd-desc\">Traditional Art Association Attended the Designmonat Design Festival in Austria. | 05\/29\/2019<\/p>\n                                                    <\/div>\n                        <div class=\"gsd-actions\">\n                                                            <a class=\"gsd-btn\" href=\"http:\/\/www.gelenekselsanatlar.org\/en\/duyurular\/we-attended-the-designmonat-design-festival-in-austria-05292019\" \n                                   target=\"_blank\" style=\"background:#111111;color:#ffffff;border:2px solid #111111\">\n                                    Read more...                                <\/a>\n                                                    <\/div>\n                    <\/div>\n                <\/div>\n                            <div class=\"gsd-slide\">\n                    <div class=\"gsd-image\" style=\"background-color: #4456c6;\">\n                        <img decoding=\"async\" width=\"1920\" height=\"828\" src=\"https:\/\/gelenekselsanatlar.org\/wp-content\/uploads\/2025\/11\/unseco-12-13-kasim-2020-1.jpg\" class=\"gsd-img\" alt=\"\" srcset=\"https:\/\/gelenekselsanatlar.org\/wp-content\/uploads\/2025\/11\/unseco-12-13-kasim-2020-1.jpg 1920w, https:\/\/gelenekselsanatlar.org\/wp-content\/uploads\/2025\/11\/unseco-12-13-kasim-2020-1-300x129.jpg 300w, https:\/\/gelenekselsanatlar.org\/wp-content\/uploads\/2025\/11\/unseco-12-13-kasim-2020-1-768x331.jpg 768w, https:\/\/gelenekselsanatlar.org\/wp-content\/uploads\/2025\/11\/unseco-12-13-kasim-2020-1-1024x442.jpg 1024w, https:\/\/gelenekselsanatlar.org\/wp-content\/uploads\/2025\/11\/unseco-12-13-kasim-2020-1-1536x662.jpg 1536w, https:\/\/gelenekselsanatlar.org\/wp-content\/uploads\/2025\/11\/unseco-12-13-kasim-2020-1-350x151.jpg 350w\" sizes=\"(max-width: 1920px) 100vw, 1920px\" \/>                    <\/div>\n                    <div class=\"gsd-content gsd-contrast-dark has-bg\" style=\"background-color: #4456c6;\">\n                        <div class=\"gsd-text\">\n                                                            <h2 class=\"gsd-title\">12-13th November Joint Conference of UNESCO ICHCAP-ICH NGO \u201cICH and Resilience in Crisis\u201d<\/h2>\n                                                                                        <p class=\"gsd-desc\">The 2020 ICH NGO Conference, organized jointly by ICHCAP and ICH NGO Forum, was held online under the title \u201cICH and Resilience in Crisis\u201d between 12-13th November 2020.<\/p>\n                                                    <\/div>\n                        <div class=\"gsd-actions\">\n                                                            <a class=\"gsd-btn\" href=\"http:\/\/www.gelenekselsanatlar.org\/en\/duyurular\/12-13-kasim-unesco-ichcap-ich-ngo-ich-and-resilience-in-crisis-konferansi\" \n                                   target=\"_blank\" style=\"background:#ffffff;color:#111111;border:2px solid rgba(255,255,255,0.35)\">\n                                    Read more...                                <\/a>\n                                                    <\/div>\n                    <\/div>\n                <\/div>\n                            <div class=\"gsd-slide\">\n                    <div class=\"gsd-image\" style=\"background-color: #4a27ba;\">\n                        <img decoding=\"async\" width=\"1920\" height=\"828\" src=\"https:\/\/gelenekselsanatlar.org\/wp-content\/uploads\/2025\/11\/geleneksel-sanatlar-dernegi-7.png\" class=\"gsd-img\" alt=\"\" srcset=\"https:\/\/gelenekselsanatlar.org\/wp-content\/uploads\/2025\/11\/geleneksel-sanatlar-dernegi-7.png 1920w, https:\/\/gelenekselsanatlar.org\/wp-content\/uploads\/2025\/11\/geleneksel-sanatlar-dernegi-7-300x129.png 300w, https:\/\/gelenekselsanatlar.org\/wp-content\/uploads\/2025\/11\/geleneksel-sanatlar-dernegi-7-768x331.png 768w, https:\/\/gelenekselsanatlar.org\/wp-content\/uploads\/2025\/11\/geleneksel-sanatlar-dernegi-7-1024x442.png 1024w, https:\/\/gelenekselsanatlar.org\/wp-content\/uploads\/2025\/11\/geleneksel-sanatlar-dernegi-7-1536x662.png 1536w, https:\/\/gelenekselsanatlar.org\/wp-content\/uploads\/2025\/11\/geleneksel-sanatlar-dernegi-7-350x151.png 350w\" sizes=\"(max-width: 1920px) 100vw, 1920px\" \/>                    <\/div>\n                    <div class=\"gsd-content gsd-contrast-dark has-bg\" style=\"background-color: #4a27ba;\">\n                        <div class=\"gsd-text\">\n                                                            <h2 class=\"gsd-title\">Geleneksel Sanatlar Derne\u011fi Ola\u011fan Genel Kurul Toplant\u0131s\u0131<\/h2>\n                                                                                        <p class=\"gsd-desc\">Traditional Arts Association Ordinary General Assembly Meeting<\/p>\n                                                    <\/div>\n                        <div class=\"gsd-actions\">\n                                                            <a class=\"gsd-btn\" href=\"http:\/\/www.gelenekselsanatlar.org\/tr\/duyurular\/olagan-genel-kurul-ilani\" \n                                   target=\"_blank\" style=\"background:#ffffff;color:#111111;border:2px solid rgba(255,255,255,0.35)\">\n                                    Read more...                                <\/a>\n                                                    <\/div>\n                    <\/div>\n                <\/div>\n                            <div class=\"gsd-slide\">\n                    <div class=\"gsd-image\" style=\"background-color: #2ec896;\">\n                        <img decoding=\"async\" width=\"2560\" height=\"1439\" src=\"https:\/\/gelenekselsanatlar.org\/wp-content\/uploads\/2025\/11\/2003-soezlesmesinin-18-maddesinin-saha-etkin-ve-genis-bir-sekilde-uygulanmasina-iliskin-acik-uclu-calisma-grubu-toplantisi-scaled.jpg\" class=\"gsd-img\" alt=\"\" srcset=\"https:\/\/gelenekselsanatlar.org\/wp-content\/uploads\/2025\/11\/2003-soezlesmesinin-18-maddesinin-saha-etkin-ve-genis-bir-sekilde-uygulanmasina-iliskin-acik-uclu-calisma-grubu-toplantisi-scaled.jpg 2560w, https:\/\/gelenekselsanatlar.org\/wp-content\/uploads\/2025\/11\/2003-soezlesmesinin-18-maddesinin-saha-etkin-ve-genis-bir-sekilde-uygulanmasina-iliskin-acik-uclu-calisma-grubu-toplantisi-1536x864.jpg 1536w, https:\/\/gelenekselsanatlar.org\/wp-content\/uploads\/2025\/11\/2003-soezlesmesinin-18-maddesinin-saha-etkin-ve-genis-bir-sekilde-uygulanmasina-iliskin-acik-uclu-calisma-grubu-toplantisi-300x169.jpg 300w, https:\/\/gelenekselsanatlar.org\/wp-content\/uploads\/2025\/11\/2003-soezlesmesinin-18-maddesinin-saha-etkin-ve-genis-bir-sekilde-uygulanmasina-iliskin-acik-uclu-calisma-grubu-toplantisi-768x432.jpg 768w, https:\/\/gelenekselsanatlar.org\/wp-content\/uploads\/2025\/11\/2003-soezlesmesinin-18-maddesinin-saha-etkin-ve-genis-bir-sekilde-uygulanmasina-iliskin-acik-uclu-calisma-grubu-toplantisi-1024x576.jpg 1024w, https:\/\/gelenekselsanatlar.org\/wp-content\/uploads\/2025\/11\/2003-soezlesmesinin-18-maddesinin-saha-etkin-ve-genis-bir-sekilde-uygulanmasina-iliskin-acik-uclu-calisma-grubu-toplantisi-2048x1151.jpg 2048w, https:\/\/gelenekselsanatlar.org\/wp-content\/uploads\/2025\/11\/2003-soezlesmesinin-18-maddesinin-saha-etkin-ve-genis-bir-sekilde-uygulanmasina-iliskin-acik-uclu-calisma-grubu-toplantisi-350x197.jpg 350w, https:\/\/gelenekselsanatlar.org\/wp-content\/uploads\/2025\/11\/2003-soezlesmesinin-18-maddesinin-saha-etkin-ve-genis-bir-sekilde-uygulanmasina-iliskin-acik-uclu-calisma-grubu-toplantisi-scaled-uai-2558x1439.jpg 2558w, https:\/\/gelenekselsanatlar.org\/wp-content\/uploads\/2025\/11\/2003-soezlesmesinin-18-maddesinin-saha-etkin-ve-genis-bir-sekilde-uygulanmasina-iliskin-acik-uclu-calisma-grubu-toplantisi-scaled-uai-720x405.jpg 720w, https:\/\/gelenekselsanatlar.org\/wp-content\/uploads\/2025\/11\/2003-soezlesmesinin-18-maddesinin-saha-etkin-ve-genis-bir-sekilde-uygulanmasina-iliskin-acik-uclu-calisma-grubu-toplantisi-scaled-uai-900x506.jpg 900w\" sizes=\"(max-width: 2560px) 100vw, 2560px\" \/>                    <\/div>\n                    <div class=\"gsd-content gsd-contrast-light has-bg\" style=\"background-color: #2ec896;\">\n                        <div class=\"gsd-text\">\n                                                            <h2 class=\"gsd-title\">Open-ended intergovernmental working group in the framework of the reflection on a broader implementation of Article 18 of the Convention<\/h2>\n                                                                                        <p class=\"gsd-desc\">Open-ended intergovernmental working group in the framework of the reflection on a broader implementation of Article 18 of the Convention<\/p>\n                                                    <\/div>\n                        <div class=\"gsd-actions\">\n                                                            <a class=\"gsd-btn\" href=\"http:\/\/www.gelenekselsanatlar.org\/en\/unesco\/2003-sozlesmesinin-18-maddesinin-daha-etkin-ve-genis-bir-sekilde-uygulanmasina-iliskin-acik-uclu-calisma-grubu-toplantisi\" \n                                   target=\"_blank\" style=\"background:#111111;color:#ffffff;border:2px solid #111111\">\n                                    Read more...                                <\/a>\n                                                    <\/div>\n                    <\/div>\n                <\/div>\n                            <div class=\"gsd-slide\">\n                    <div class=\"gsd-image\" style=\"background-color: #4ac874;\">\n                        <img decoding=\"async\" width=\"1920\" height=\"828\" src=\"https:\/\/gelenekselsanatlar.org\/wp-content\/uploads\/2025\/11\/kultur-akademisi-programi-z0qqu4rFVHKI8Unv.jpg\" class=\"gsd-img\" alt=\"\" srcset=\"https:\/\/gelenekselsanatlar.org\/wp-content\/uploads\/2025\/11\/kultur-akademisi-programi-z0qqu4rFVHKI8Unv.jpg 1920w, https:\/\/gelenekselsanatlar.org\/wp-content\/uploads\/2025\/11\/kultur-akademisi-programi-z0qqu4rFVHKI8Unv-300x129.jpg 300w, https:\/\/gelenekselsanatlar.org\/wp-content\/uploads\/2025\/11\/kultur-akademisi-programi-z0qqu4rFVHKI8Unv-768x331.jpg 768w, https:\/\/gelenekselsanatlar.org\/wp-content\/uploads\/2025\/11\/kultur-akademisi-programi-z0qqu4rFVHKI8Unv-1024x442.jpg 1024w, https:\/\/gelenekselsanatlar.org\/wp-content\/uploads\/2025\/11\/kultur-akademisi-programi-z0qqu4rFVHKI8Unv-1536x662.jpg 1536w, https:\/\/gelenekselsanatlar.org\/wp-content\/uploads\/2025\/11\/kultur-akademisi-programi-z0qqu4rFVHKI8Unv-350x151.jpg 350w\" sizes=\"(max-width: 1920px) 100vw, 1920px\" \/>                    <\/div>\n                    <div class=\"gsd-content gsd-contrast-light has-bg\" style=\"background-color: #4ac874;\">\n                        <div class=\"gsd-text\">\n                                                            <h2 class=\"gsd-title\">Culture Academy Program<\/h2>\n                                                                                        <p class=\"gsd-desc\">A series of conferences were held under the name of Istanbul Culture Academy at the Zeytinburnu Municipality Cultural Center Conference Hall on 22-23 May 2019 by the Istanbul Cultural Ambassadors Association. These conferences were attended by local authorities, imams, representatives of non-governmental organizations, country association administrators, municipal officials and district governors who had close contact with the people of Istanbul.<\/p>\n                                                    <\/div>\n                        <div class=\"gsd-actions\">\n                                                            <a class=\"gsd-btn\" href=\"http:\/\/www.gelenekselsanatlar.org\/en\/duyurular\/culture-academy-program-31052019\" \n                                   target=\"_blank\" style=\"background:#111111;color:#ffffff;border:2px solid #111111\">\n                                    Read more...                                <\/a>\n                                                    <\/div>\n                    <\/div>\n                <\/div>\n                            <div class=\"gsd-slide\">\n                    <div class=\"gsd-image\" style=\"background-color: #e7e3f5;\">\n                        <img decoding=\"async\" width=\"2268\" height=\"720\" src=\"https:\/\/gelenekselsanatlar.org\/wp-content\/uploads\/2025\/11\/sunu17.png\" class=\"gsd-img\" alt=\"\" srcset=\"https:\/\/gelenekselsanatlar.org\/wp-content\/uploads\/2025\/11\/sunu17.png 2268w, https:\/\/gelenekselsanatlar.org\/wp-content\/uploads\/2025\/11\/sunu17-300x95.png 300w, https:\/\/gelenekselsanatlar.org\/wp-content\/uploads\/2025\/11\/sunu17-768x244.png 768w, https:\/\/gelenekselsanatlar.org\/wp-content\/uploads\/2025\/11\/sunu17-1024x325.png 1024w, https:\/\/gelenekselsanatlar.org\/wp-content\/uploads\/2025\/11\/sunu17-1536x488.png 1536w, https:\/\/gelenekselsanatlar.org\/wp-content\/uploads\/2025\/11\/sunu17-2048x650.png 2048w, https:\/\/gelenekselsanatlar.org\/wp-content\/uploads\/2025\/11\/sunu17-350x111.png 350w\" sizes=\"(max-width: 2268px) 100vw, 2268px\" \/>                    <\/div>\n                    <div class=\"gsd-content gsd-contrast-light has-bg\" style=\"background-color: #e7e3f5;\">\n                        <div class=\"gsd-text\">\n                                                            <h2 class=\"gsd-title\">Intangible Cultural Heritage during the Pandemic (Survey)<\/h2>\n                                                                                        <p class=\"gsd-desc\">&quot;We invite all our artists and craftsmen to participate in our research survey on how the global pandemic has affected our traditional arts and how the master-apprentice relationship is maintained in this process. The data obtained will be enlightening in identifying the problems experienced by our traditional art masters in this process and taking steps towards the future of these arts.&quot;<\/p>\n                                                    <\/div>\n                        <div class=\"gsd-actions\">\n                                                            <a class=\"gsd-btn\" href=\"http:\/\/www.gelenekselsanatlar.org\/tr\/duyurular\/salgin-doneminde-somut-olmayan-kulturel-miras-anket\" \n                                   target=\"_blank\" style=\"background:#111111;color:#ffffff;border:2px solid #111111\">\n                                    Read more...                                <\/a>\n                                                    <\/div>\n                    <\/div>\n                <\/div>\n                            <div class=\"gsd-slide\">\n                    <div class=\"gsd-image\" style=\"background-color: #18273a;\">\n                        <img decoding=\"async\" width=\"1920\" height=\"827\" src=\"https:\/\/gelenekselsanatlar.org\/wp-content\/uploads\/2025\/11\/gsd-banner-tu.jpg\" class=\"gsd-img\" alt=\"\" srcset=\"https:\/\/gelenekselsanatlar.org\/wp-content\/uploads\/2025\/11\/gsd-banner-tu.jpg 1920w, https:\/\/gelenekselsanatlar.org\/wp-content\/uploads\/2025\/11\/gsd-banner-tu-300x129.jpg 300w, https:\/\/gelenekselsanatlar.org\/wp-content\/uploads\/2025\/11\/gsd-banner-tu-768x331.jpg 768w, https:\/\/gelenekselsanatlar.org\/wp-content\/uploads\/2025\/11\/gsd-banner-tu-1024x441.jpg 1024w, https:\/\/gelenekselsanatlar.org\/wp-content\/uploads\/2025\/11\/gsd-banner-tu-1536x662.jpg 1536w, https:\/\/gelenekselsanatlar.org\/wp-content\/uploads\/2025\/11\/gsd-banner-tu-350x151.jpg 350w\" sizes=\"(max-width: 1920px) 100vw, 1920px\" \/>                    <\/div>\n                    <div class=\"gsd-content gsd-contrast-dark has-bg\" style=\"background-color: #18273a;\">\n                        <div class=\"gsd-text\">\n                                                            <h2 class=\"gsd-title\">The Masters of Turkey<\/h2>\n                                                                                        <p class=\"gsd-desc\">Marmara Region<\/p>\n                                                    <\/div>\n                        <div class=\"gsd-actions\">\n                                                            <a class=\"gsd-btn\" href=\"http:\/\/www.gelenekselsanatlar.org\/tr\/faaliyetler\/envanter\/turkiyenin-ustalari\" \n                                   target=\"_blank\" style=\"background:#ffffff;color:#111111;border:2px solid rgba(255,255,255,0.35)\">\n                                    Read more...                                <\/a>\n                                                    <\/div>\n                    <\/div>\n                <\/div>\n                            <div class=\"gsd-slide\">\n                    <div class=\"gsd-image\" style=\"background-color: #dadada;\">\n                        <img decoding=\"async\" width=\"1150\" height=\"450\" src=\"https:\/\/gelenekselsanatlar.org\/wp-content\/uploads\/2025\/11\/bfe5842e0jpg1150x450-q85-crop.jpg\" class=\"gsd-img\" alt=\"\" srcset=\"https:\/\/gelenekselsanatlar.org\/wp-content\/uploads\/2025\/11\/bfe5842e0jpg1150x450-q85-crop.jpg 1150w, https:\/\/gelenekselsanatlar.org\/wp-content\/uploads\/2025\/11\/bfe5842e0jpg1150x450-q85-crop-300x117.jpg 300w, https:\/\/gelenekselsanatlar.org\/wp-content\/uploads\/2025\/11\/bfe5842e0jpg1150x450-q85-crop-768x301.jpg 768w, https:\/\/gelenekselsanatlar.org\/wp-content\/uploads\/2025\/11\/bfe5842e0jpg1150x450-q85-crop-1024x401.jpg 1024w, https:\/\/gelenekselsanatlar.org\/wp-content\/uploads\/2025\/11\/bfe5842e0jpg1150x450-q85-crop-350x137.jpg 350w\" sizes=\"(max-width: 1150px) 100vw, 1150px\" \/>                    <\/div>\n                    <div class=\"gsd-content gsd-contrast-light has-bg\" style=\"background-color: #dadada;\">\n                        <div class=\"gsd-text\">\n                                                            <h2 class=\"gsd-title\">&#8220;From Ancient Anatolian Crafts to Contemporary Designs&#8221; EU Project<\/h2>\n                                                                                        <p class=\"gsd-desc\">&quot;From Ancient Anatolian Crafts to Contemporary Designs&quot; EU Project<\/p>\n                                                    <\/div>\n                        <div class=\"gsd-actions\">\n                                                            <a class=\"gsd-btn\" href=\"http:\/\/www.gelenekselsanatlar.org\/en\/duyurular\/kadim-anadolu-zanaatlarindan-guncel-tasarimlara-ab-projesi\" \n                                   target=\"_blank\" style=\"background:#111111;color:#ffffff;border:2px solid #111111\">\n                                    Read more...                                <\/a>\n                                                    <\/div>\n                    <\/div>\n                <\/div>\n                            <div class=\"gsd-slide\">\n                    <div class=\"gsd-image\" style=\"background-color: #638141;\">\n                        <img decoding=\"async\" width=\"1920\" height=\"828\" src=\"https:\/\/gelenekselsanatlar.org\/wp-content\/uploads\/2025\/11\/gsd-banner7.jpg\" class=\"gsd-img\" alt=\"\" srcset=\"https:\/\/gelenekselsanatlar.org\/wp-content\/uploads\/2025\/11\/gsd-banner7.jpg 1920w, https:\/\/gelenekselsanatlar.org\/wp-content\/uploads\/2025\/11\/gsd-banner7-300x129.jpg 300w, https:\/\/gelenekselsanatlar.org\/wp-content\/uploads\/2025\/11\/gsd-banner7-768x331.jpg 768w, https:\/\/gelenekselsanatlar.org\/wp-content\/uploads\/2025\/11\/gsd-banner7-1024x442.jpg 1024w, https:\/\/gelenekselsanatlar.org\/wp-content\/uploads\/2025\/11\/gsd-banner7-1536x662.jpg 1536w, https:\/\/gelenekselsanatlar.org\/wp-content\/uploads\/2025\/11\/gsd-banner7-350x151.jpg 350w\" sizes=\"(max-width: 1920px) 100vw, 1920px\" \/>                    <\/div>\n                    <div class=\"gsd-content gsd-contrast-dark has-bg\" style=\"background-color: #638141;\">\n                        <div class=\"gsd-text\">\n                                                            <h2 class=\"gsd-title\">The Masters of the Future &#8211; Traditional Arts Contest<\/h2>\n                                                                                        <p class=\"gsd-desc\">2013-2014-2015<\/p>\n                                                    <\/div>\n                        <div class=\"gsd-actions\">\n                                                            <a class=\"gsd-btn\" href=\"http:\/\/www.gelenekselsanatlar.org\/en\/faaliyetler\/competition\/the-masters-of-the-future-traditional-arts-contest\" \n                                   target=\"_blank\" style=\"background:#ffffff;color:#111111;border:2px solid rgba(255,255,255,0.35)\">\n                                    Read more...                                <\/a>\n                                                    <\/div>\n                    <\/div>\n                <\/div>\n                            <div class=\"gsd-slide\">\n                    <div class=\"gsd-image\" style=\"background-color: #8d8d8d;\">\n                        <img decoding=\"async\" width=\"2560\" height=\"1104\" src=\"https:\/\/gelenekselsanatlar.org\/wp-content\/uploads\/2025\/11\/web-slider-TByDvvnBL4vcXaCJ-scaled.jpg\" class=\"gsd-img\" alt=\"\" srcset=\"https:\/\/gelenekselsanatlar.org\/wp-content\/uploads\/2025\/11\/web-slider-TByDvvnBL4vcXaCJ-scaled.jpg 2560w, https:\/\/gelenekselsanatlar.org\/wp-content\/uploads\/2025\/11\/web-slider-TByDvvnBL4vcXaCJ-300x129.jpg 300w, https:\/\/gelenekselsanatlar.org\/wp-content\/uploads\/2025\/11\/web-slider-TByDvvnBL4vcXaCJ-768x331.jpg 768w, https:\/\/gelenekselsanatlar.org\/wp-content\/uploads\/2025\/11\/web-slider-TByDvvnBL4vcXaCJ-1024x442.jpg 1024w, https:\/\/gelenekselsanatlar.org\/wp-content\/uploads\/2025\/11\/web-slider-TByDvvnBL4vcXaCJ-1536x662.jpg 1536w, https:\/\/gelenekselsanatlar.org\/wp-content\/uploads\/2025\/11\/web-slider-TByDvvnBL4vcXaCJ-2048x883.jpg 2048w, https:\/\/gelenekselsanatlar.org\/wp-content\/uploads\/2025\/11\/web-slider-TByDvvnBL4vcXaCJ-350x151.jpg 350w\" sizes=\"(max-width: 2560px) 100vw, 2560px\" \/>                    <\/div>\n                    <div class=\"gsd-content gsd-contrast-light has-bg\" style=\"background-color: #8d8d8d;\">\n                        <div class=\"gsd-text\">\n                                                            <h2 class=\"gsd-title\">Traditional Arts Association at Craftistanbul 3rd Handicraft Fair<\/h2>\n                                                                                        <p class=\"gsd-desc\">CRAFTISTANBUL 3rd Handicrafts Fair held on October 5-9, 2022 took its place in the Traditional Arts Association with various workshops.<\/p>\n                                                    <\/div>\n                        <div class=\"gsd-actions\">\n                                                    <\/div>\n                    <\/div>\n                <\/div>\n                            <div class=\"gsd-slide\">\n                    <div class=\"gsd-image\" style=\"background-color: #abacec;\">\n                        <img decoding=\"async\" width=\"2560\" height=\"1067\" src=\"https:\/\/gelenekselsanatlar.org\/wp-content\/uploads\/2025\/11\/gsd-instagram-post-01-copy-2-scaled.jpg\" class=\"gsd-img\" alt=\"\" srcset=\"https:\/\/gelenekselsanatlar.org\/wp-content\/uploads\/2025\/11\/gsd-instagram-post-01-copy-2-scaled.jpg 2560w, https:\/\/gelenekselsanatlar.org\/wp-content\/uploads\/2025\/11\/gsd-instagram-post-01-copy-2-2048x853.jpg 2048w, https:\/\/gelenekselsanatlar.org\/wp-content\/uploads\/2025\/11\/gsd-instagram-post-01-copy-2-300x125.jpg 300w, https:\/\/gelenekselsanatlar.org\/wp-content\/uploads\/2025\/11\/gsd-instagram-post-01-copy-2-768x320.jpg 768w, https:\/\/gelenekselsanatlar.org\/wp-content\/uploads\/2025\/11\/gsd-instagram-post-01-copy-2-1024x427.jpg 1024w, https:\/\/gelenekselsanatlar.org\/wp-content\/uploads\/2025\/11\/gsd-instagram-post-01-copy-2-1536x640.jpg 1536w, https:\/\/gelenekselsanatlar.org\/wp-content\/uploads\/2025\/11\/gsd-instagram-post-01-copy-2-350x146.jpg 350w\" sizes=\"(max-width: 2560px) 100vw, 2560px\" \/>                    <\/div>\n                    <div class=\"gsd-content gsd-contrast-light has-bg\" style=\"background-color: #abacec;\">\n                        <div class=\"gsd-text\">\n                                                            <h2 class=\"gsd-title\">Geleneksel Sanatlar ve Zanaatlar Meslek Standard\u0131 1. Etap \u00c7al\u0131\u015fmas\u0131 Tamamland\u0131.<\/h2>\n                                                                                        <p class=\"gsd-desc\">Anadolu El Sanatlar\u0131n\u0131 Ya\u015fatma ve Geli\u015ftirme Derne\u011fi (ANELSANDER) \u00f6nc\u00fcl\u00fc\u011f\u00fcnde T.C. \u00c7al\u0131\u015fma ve Sosyal G\u00fcvenlik Bakanl\u0131\u011f\u0131 Mesleki Yeterlilik Kurumu Meslek Standartlar\u0131 Daire Ba\u015fkanl\u0131\u011f\u0131 ile imzalanan protokol ile \u201cGeleneksel Sanatlar ve Zanaatlar Meslek Standard\u0131\u201d belirleme \u00e7al\u0131\u015fmalar\u0131 ba\u015flam\u0131\u015ft\u0131r.<\/p>\n                                                    <\/div>\n                        <div class=\"gsd-actions\">\n                                                            <a class=\"gsd-btn\" href=\"http:\/\/www.gelenekselsanatlar.org\/tr\/duyurular\/geleneksel-sanatlar-ve-zanaatlar-meslek-standardi-1-etap-calismasi-tamamlandi\" \n                                   target=\"_blank\" style=\"background:#111111;color:#ffffff;border:2px solid #111111\">\n                                    Read more...                                <\/a>\n                                                    <\/div>\n                    <\/div>\n                <\/div>\n                            <div class=\"gsd-slide\">\n                    <div class=\"gsd-image\" style=\"background-color: #ebd8ee;\">\n                        <img decoding=\"async\" width=\"1600\" height=\"690\" src=\"https:\/\/gelenekselsanatlar.org\/wp-content\/uploads\/2025\/11\/whatsapp-image-2022-08-18-at-103538-am-1.jpeg\" class=\"gsd-img\" alt=\"\" srcset=\"https:\/\/gelenekselsanatlar.org\/wp-content\/uploads\/2025\/11\/whatsapp-image-2022-08-18-at-103538-am-1.jpeg 1600w, https:\/\/gelenekselsanatlar.org\/wp-content\/uploads\/2025\/11\/whatsapp-image-2022-08-18-at-103538-am-1-300x129.jpeg 300w, https:\/\/gelenekselsanatlar.org\/wp-content\/uploads\/2025\/11\/whatsapp-image-2022-08-18-at-103538-am-1-768x331.jpeg 768w, https:\/\/gelenekselsanatlar.org\/wp-content\/uploads\/2025\/11\/whatsapp-image-2022-08-18-at-103538-am-1-1024x442.jpeg 1024w, https:\/\/gelenekselsanatlar.org\/wp-content\/uploads\/2025\/11\/whatsapp-image-2022-08-18-at-103538-am-1-1536x662.jpeg 1536w, https:\/\/gelenekselsanatlar.org\/wp-content\/uploads\/2025\/11\/whatsapp-image-2022-08-18-at-103538-am-1-350x151.jpeg 350w\" sizes=\"(max-width: 1600px) 100vw, 1600px\" \/>                    <\/div>\n                    <div class=\"gsd-content gsd-contrast-light has-bg\" style=\"background-color: #ebd8ee;\">\n                        <div class=\"gsd-text\">\n                                                            <h2 class=\"gsd-title\">FOTO\u011eRAF YARI\u015eMASI DERECEYE G\u0130REN FOTO\u011eRAFLAR<\/h2>\n                                                                                        <p class=\"gsd-desc\">UNESCO Somut Olmayan T\u00fcrk K\u00fclt\u00fcr\u00fc Miras\u0131 Foto\u011fraf Yar\u0131\u015fmas\u0131 Dereceye Giren Eserler \u0130\u00e7in T\u0131klay\u0131n\u0131z<\/p>\n                                                    <\/div>\n                        <div class=\"gsd-actions\">\n                                                            <a class=\"gsd-btn\" href=\"http:\/\/www.gelenekselsanatlar.org\/tr\/yayinlar\/kataloglar\/unesco-somut-olmayan-turk-kulturu-mirasi-odullu-fotograf-yarismasi-kazanan-eserler\" \n                                   target=\"_blank\" style=\"background:#111111;color:#ffffff;border:2px solid #111111\">\n                                    Read more...                                <\/a>\n                                                    <\/div>\n                    <\/div>\n                <\/div>\n                            <div class=\"gsd-slide\">\n                    <div class=\"gsd-image\" style=\"background-color: #601519;\">\n                        <img decoding=\"async\" width=\"1920\" height=\"827\" src=\"https:\/\/gelenekselsanatlar.org\/wp-content\/uploads\/2025\/10\/lale-8-100yil-sayi-web-banner.jpg\" class=\"gsd-img\" alt=\"Lale Dergisi Banner\" srcset=\"https:\/\/gelenekselsanatlar.org\/wp-content\/uploads\/2025\/10\/lale-8-100yil-sayi-web-banner.jpg 1920w, https:\/\/gelenekselsanatlar.org\/wp-content\/uploads\/2025\/10\/lale-8-100yil-sayi-web-banner-300x129.jpg 300w, https:\/\/gelenekselsanatlar.org\/wp-content\/uploads\/2025\/10\/lale-8-100yil-sayi-web-banner-768x331.jpg 768w, https:\/\/gelenekselsanatlar.org\/wp-content\/uploads\/2025\/10\/lale-8-100yil-sayi-web-banner-1024x441.jpg 1024w, https:\/\/gelenekselsanatlar.org\/wp-content\/uploads\/2025\/10\/lale-8-100yil-sayi-web-banner-1536x662.jpg 1536w, https:\/\/gelenekselsanatlar.org\/wp-content\/uploads\/2025\/10\/lale-8-100yil-sayi-web-banner-350x151.jpg 350w\" sizes=\"(max-width: 1920px) 100vw, 1920px\" \/>                    <\/div>\n                    <div class=\"gsd-content gsd-contrast-dark has-bg\" style=\"background-color: #601519;\">\n                        <div class=\"gsd-text\">\n                                                            <h2 class=\"gsd-title\">Zeren Tand\u0131 Award Book Launch Meeting and 8th Silver Tulip Award<\/h2>\n                                                                                <\/div>\n                        <div class=\"gsd-actions\">\n                                                            <a class=\"gsd-btn\" href=\"http:\/\/www.gelenekselsanatlar.org\/tr\/duyurular\/zeren-tanindi-armagani-islam-dunyasinda-kitap-sanatlari-ve-kulturu-kitabinin-tanitimi-ve-8-gumus-lale-odulu\" \n                                   target=\"_blank\" style=\"background:#ffffff;color:#111111;border:2px solid rgba(255,255,255,0.35)\">\n                                    Read more...                                <\/a>\n                                                    <\/div>\n                    <\/div>\n                <\/div>\n                            <div class=\"gsd-slide\">\n                    <div class=\"gsd-image\" style=\"background-color: #34205b;\">\n                        <img decoding=\"async\" width=\"1600\" height=\"690\" src=\"https:\/\/gelenekselsanatlar.org\/wp-content\/uploads\/2025\/11\/mirasin-izinde-slider.jpg\" class=\"gsd-img\" alt=\"\" srcset=\"https:\/\/gelenekselsanatlar.org\/wp-content\/uploads\/2025\/11\/mirasin-izinde-slider.jpg 1600w, https:\/\/gelenekselsanatlar.org\/wp-content\/uploads\/2025\/11\/mirasin-izinde-slider-300x129.jpg 300w, https:\/\/gelenekselsanatlar.org\/wp-content\/uploads\/2025\/11\/mirasin-izinde-slider-768x331.jpg 768w, https:\/\/gelenekselsanatlar.org\/wp-content\/uploads\/2025\/11\/mirasin-izinde-slider-1024x442.jpg 1024w, https:\/\/gelenekselsanatlar.org\/wp-content\/uploads\/2025\/11\/mirasin-izinde-slider-1536x662.jpg 1536w, https:\/\/gelenekselsanatlar.org\/wp-content\/uploads\/2025\/11\/mirasin-izinde-slider-350x151.jpg 350w\" sizes=\"(max-width: 1600px) 100vw, 1600px\" \/>                    <\/div>\n                    <div class=\"gsd-content gsd-contrast-dark has-bg\" style=\"background-color: #34205b;\">\n                        <div class=\"gsd-text\">\n                                                            <h2 class=\"gsd-title\">Application Deadline: Friday, August 5, 2022 &#8211; Living Cultural Heritage Enterprises Support Program<\/h2>\n                                                                                <\/div>\n                        <div class=\"gsd-actions\">\n                                                            <a class=\"gsd-btn\" href=\"http:\/\/www.gelenekselsanatlar.org\/tr\/duyurular\/yasayan-kultur-mirasi-isletmeler-destek-programi-on-basvurulari-5-agustos-2022-cuma-gunu-saat-2359a-kadar-uzatildi\" \n                                   target=\"_blank\" style=\"background:#ffffff;color:#111111;border:2px solid rgba(255,255,255,0.35)\">\n                                    Read more...                                <\/a>\n                                                    <\/div>\n                    <\/div>\n                <\/div>\n                            <div class=\"gsd-slide\">\n                    <div class=\"gsd-image\" style=\"background-color: #221e1d;\">\n                        <img decoding=\"async\" width=\"2560\" height=\"1104\" src=\"https:\/\/gelenekselsanatlar.org\/wp-content\/uploads\/2025\/11\/unesci-fy-01-21qWsmh2mydp8Wut-scaled.jpg\" class=\"gsd-img\" alt=\"\" srcset=\"https:\/\/gelenekselsanatlar.org\/wp-content\/uploads\/2025\/11\/unesci-fy-01-21qWsmh2mydp8Wut-scaled.jpg 2560w, https:\/\/gelenekselsanatlar.org\/wp-content\/uploads\/2025\/11\/unesci-fy-01-21qWsmh2mydp8Wut-300x129.jpg 300w, https:\/\/gelenekselsanatlar.org\/wp-content\/uploads\/2025\/11\/unesci-fy-01-21qWsmh2mydp8Wut-768x331.jpg 768w, https:\/\/gelenekselsanatlar.org\/wp-content\/uploads\/2025\/11\/unesci-fy-01-21qWsmh2mydp8Wut-1024x442.jpg 1024w, https:\/\/gelenekselsanatlar.org\/wp-content\/uploads\/2025\/11\/unesci-fy-01-21qWsmh2mydp8Wut-1536x662.jpg 1536w, https:\/\/gelenekselsanatlar.org\/wp-content\/uploads\/2025\/11\/unesci-fy-01-21qWsmh2mydp8Wut-2048x883.jpg 2048w, https:\/\/gelenekselsanatlar.org\/wp-content\/uploads\/2025\/11\/unesci-fy-01-21qWsmh2mydp8Wut-350x151.jpg 350w\" sizes=\"(max-width: 2560px) 100vw, 2560px\" \/>                    <\/div>\n                    <div class=\"gsd-content gsd-contrast-dark has-bg\" style=\"background-color: #221e1d;\">\n                        <div class=\"gsd-text\">\n                                                            <h2 class=\"gsd-title\">UNESCO Intangible Turkish Cultural Heritage Award Photography Contest<\/h2>\n                                                                                        <p class=\"gsd-desc\">A photography contest will be organized in the fields of Intangible Cultural Heritage (SOK\u00dcM).<\/p>\n                                                    <\/div>\n                        <div class=\"gsd-actions\">\n                                                            <a class=\"gsd-btn\" href=\"http:\/\/www.gelenekselsanatlar.org\/tr\/duyurular\/unesco-somut-olmayan-turk-kulturu-mirasi-odullu-fotograf-yarismasi\" \n                                   target=\"_blank\" style=\"background:#ffffff;color:#111111;border:2px solid rgba(255,255,255,0.35)\">\n                                    Read more...                                <\/a>\n                                                    <\/div>\n                    <\/div>\n                <\/div>\n                            <div class=\"gsd-slide\">\n                    <div class=\"gsd-image\" style=\"background-color: #521abd;\">\n                        <img decoding=\"async\" width=\"1920\" height=\"828\" src=\"https:\/\/gelenekselsanatlar.org\/wp-content\/uploads\/2025\/11\/gsd-banner-genel-kurul-2022-BjL92OEFza5DlvBu.jpg\" class=\"gsd-img\" alt=\"\" srcset=\"https:\/\/gelenekselsanatlar.org\/wp-content\/uploads\/2025\/11\/gsd-banner-genel-kurul-2022-BjL92OEFza5DlvBu.jpg 1920w, https:\/\/gelenekselsanatlar.org\/wp-content\/uploads\/2025\/11\/gsd-banner-genel-kurul-2022-BjL92OEFza5DlvBu-300x129.jpg 300w, https:\/\/gelenekselsanatlar.org\/wp-content\/uploads\/2025\/11\/gsd-banner-genel-kurul-2022-BjL92OEFza5DlvBu-768x331.jpg 768w, https:\/\/gelenekselsanatlar.org\/wp-content\/uploads\/2025\/11\/gsd-banner-genel-kurul-2022-BjL92OEFza5DlvBu-1024x442.jpg 1024w, https:\/\/gelenekselsanatlar.org\/wp-content\/uploads\/2025\/11\/gsd-banner-genel-kurul-2022-BjL92OEFza5DlvBu-1536x662.jpg 1536w, https:\/\/gelenekselsanatlar.org\/wp-content\/uploads\/2025\/11\/gsd-banner-genel-kurul-2022-BjL92OEFza5DlvBu-350x151.jpg 350w\" sizes=\"(max-width: 1920px) 100vw, 1920px\" \/>                    <\/div>\n                    <div class=\"gsd-content gsd-contrast-dark has-bg\" style=\"background-color: #521abd;\">\n                        <div class=\"gsd-text\">\n                                                            <h2 class=\"gsd-title\">Geleneksel Sanatlar Derne\u011fi Ola\u011fan Genel Kurul Toplant\u0131s\u0131<\/h2>\n                                                                                        <p class=\"gsd-desc\">Geleneksel Sanatlar Derne\u011fi Ola\u011fan Genel Kurul Toplant\u0131s\u0131n\u0131n 23 Haziran 2022 Per\u015fembe g\u00fcn\u00fc saat 10.00\u2019da dernek merkezinde yap\u0131lmas\u0131na, yeterli yasal \u00e7o\u011funluk sa\u011flanamad\u0131\u011f\u0131 takdirde 30 Haziran 2022 Per\u015fembe yine ayn\u0131 yerde ve saatte yap\u0131lmas\u0131na, dernek genel kurul duyurusunun dernek web sitesinden yay\u0131nlanmas\u0131na karar verilmi\u015ftir.<\/p>\n                                                    <\/div>\n                        <div class=\"gsd-actions\">\n                                                            <a class=\"gsd-btn\" href=\"http:\/\/www.gelenekselsanatlar.org\/tr\/duyurular\/geleneksel-sanatlar-dernegi-olagan-genel-kurul-toplantisi\" \n                                   target=\"_blank\" style=\"background:#ffffff;color:#111111;border:2px solid rgba(255,255,255,0.35)\">\n                                    Read more...                                <\/a>\n                                                    <\/div>\n                    <\/div>\n                <\/div>\n                            <div class=\"gsd-slide\">\n                    <div class=\"gsd-image\" style=\"background-color: #692383;\">\n                        <img decoding=\"async\" width=\"2560\" height=\"1104\" src=\"https:\/\/gelenekselsanatlar.org\/wp-content\/uploads\/2025\/11\/untitled-1-01-scaled.jpg\" class=\"gsd-img\" alt=\"\" srcset=\"https:\/\/gelenekselsanatlar.org\/wp-content\/uploads\/2025\/11\/untitled-1-01-scaled.jpg 2560w, https:\/\/gelenekselsanatlar.org\/wp-content\/uploads\/2025\/11\/untitled-1-01-300x129.jpg 300w, https:\/\/gelenekselsanatlar.org\/wp-content\/uploads\/2025\/11\/untitled-1-01-768x331.jpg 768w, https:\/\/gelenekselsanatlar.org\/wp-content\/uploads\/2025\/11\/untitled-1-01-1024x442.jpg 1024w, https:\/\/gelenekselsanatlar.org\/wp-content\/uploads\/2025\/11\/untitled-1-01-1536x662.jpg 1536w, https:\/\/gelenekselsanatlar.org\/wp-content\/uploads\/2025\/11\/untitled-1-01-2048x883.jpg 2048w, https:\/\/gelenekselsanatlar.org\/wp-content\/uploads\/2025\/11\/untitled-1-01-350x151.jpg 350w\" sizes=\"(max-width: 2560px) 100vw, 2560px\" \/>                    <\/div>\n                    <div class=\"gsd-content gsd-contrast-dark has-bg\" style=\"background-color: #692383;\">\n                        <div class=\"gsd-text\">\n                                                            <h2 class=\"gsd-title\">OPEN CALL &#8211; Istanbul Miniatures Exhibition<\/h2>\n                                                                                        <p class=\"gsd-desc\">OPEN CALL - Istanbul Miniatures Exhibition<\/p>\n                                                    <\/div>\n                        <div class=\"gsd-actions\">\n                                                            <a class=\"gsd-btn\" href=\"http:\/\/www.gelenekselsanatlar.org\/tr\/duyurular\/istanbul-minyaturleri-sergisi\" \n                                   target=\"_blank\" style=\"background:#ffffff;color:#111111;border:2px solid rgba(255,255,255,0.35)\">\n                                    Read more...                                <\/a>\n                                                    <\/div>\n                    <\/div>\n                <\/div>\n                    <\/div>\n                    <div class=\"gsd-arrows\">\n                <!-- Oklar slider d\u0131\u015f\u0131nda, sabit pozisyonda -->\n                <button type=\"button\" class=\"gsd-prev\" aria-label=\"\u00d6nceki\"><\/button>\n                <button type=\"button\" class=\"gsd-next\" aria-label=\"Sonraki\"><\/button>\n            <\/div>\n                            <div class=\"gsd-dots\" role=\"tablist\" aria-label=\"Slayt g\u00f6stergeleri\">\n                                    <button type=\"button\" role=\"tab\" aria-selected=\"true\" aria-current=\"true\"><\/button>\n                                    <button type=\"button\" role=\"tab\" aria-selected=\"false\" aria-current=\"false\"><\/button>\n                                    <button type=\"button\" role=\"tab\" aria-selected=\"false\" aria-current=\"false\"><\/button>\n                                    <button type=\"button\" role=\"tab\" aria-selected=\"false\" aria-current=\"false\"><\/button>\n                                    <button type=\"button\" role=\"tab\" aria-selected=\"false\" aria-current=\"false\"><\/button>\n                                    <button type=\"button\" role=\"tab\" aria-selected=\"false\" aria-current=\"false\"><\/button>\n                                    <button type=\"button\" role=\"tab\" aria-selected=\"false\" aria-current=\"false\"><\/button>\n                                    <button type=\"button\" role=\"tab\" aria-selected=\"false\" aria-current=\"false\"><\/button>\n                                    <button type=\"button\" role=\"tab\" aria-selected=\"false\" aria-current=\"false\"><\/button>\n                                    <button type=\"button\" role=\"tab\" aria-selected=\"false\" aria-current=\"false\"><\/button>\n                                    <button type=\"button\" role=\"tab\" aria-selected=\"false\" aria-current=\"false\"><\/button>\n                                    <button type=\"button\" role=\"tab\" aria-selected=\"false\" aria-current=\"false\"><\/button>\n                                    <button type=\"button\" role=\"tab\" aria-selected=\"false\" aria-current=\"false\"><\/button>\n                                    <button type=\"button\" role=\"tab\" aria-selected=\"false\" aria-current=\"false\"><\/button>\n                                    <button type=\"button\" role=\"tab\" aria-selected=\"false\" aria-current=\"false\"><\/button>\n                                    <button type=\"button\" role=\"tab\" aria-selected=\"false\" aria-current=\"false\"><\/button>\n                                    <button type=\"button\" role=\"tab\" aria-selected=\"false\" aria-current=\"false\"><\/button>\n                                    <button type=\"button\" role=\"tab\" aria-selected=\"false\" aria-current=\"false\"><\/button>\n                                    <button type=\"button\" role=\"tab\" aria-selected=\"false\" aria-current=\"false\"><\/button>\n                                    <button type=\"button\" role=\"tab\" aria-selected=\"false\" aria-current=\"false\"><\/button>\n                                    <button type=\"button\" role=\"tab\" aria-selected=\"false\" aria-current=\"false\"><\/button>\n                                    <button type=\"button\" role=\"tab\" aria-selected=\"false\" aria-current=\"false\"><\/button>\n                                    <button type=\"button\" role=\"tab\" aria-selected=\"false\" aria-current=\"false\"><\/button>\n                                    <button type=\"button\" role=\"tab\" aria-selected=\"false\" aria-current=\"false\"><\/button>\n                                    <button type=\"button\" role=\"tab\" aria-selected=\"false\" aria-current=\"false\"><\/button>\n                                    <button type=\"button\" role=\"tab\" aria-selected=\"false\" aria-current=\"false\"><\/button>\n                                    <button type=\"button\" role=\"tab\" aria-selected=\"false\" aria-current=\"false\"><\/button>\n                                    <button type=\"button\" role=\"tab\" aria-selected=\"false\" aria-current=\"false\"><\/button>\n                                    <button type=\"button\" role=\"tab\" aria-selected=\"false\" aria-current=\"false\"><\/button>\n                                    <button type=\"button\" role=\"tab\" aria-selected=\"false\" aria-current=\"false\"><\/button>\n                                    <button type=\"button\" role=\"tab\" aria-selected=\"false\" aria-current=\"false\"><\/button>\n                                    <button type=\"button\" role=\"tab\" aria-selected=\"false\" aria-current=\"false\"><\/button>\n                                    <button type=\"button\" role=\"tab\" aria-selected=\"false\" aria-current=\"false\"><\/button>\n                                    <button type=\"button\" role=\"tab\" aria-selected=\"false\" aria-current=\"false\"><\/button>\n                                    <button type=\"button\" role=\"tab\" aria-selected=\"false\" aria-current=\"false\"><\/button>\n                                    <button type=\"button\" role=\"tab\" aria-selected=\"false\" aria-current=\"false\"><\/button>\n                                    <button type=\"button\" role=\"tab\" aria-selected=\"false\" aria-current=\"false\"><\/button>\n                                    <button type=\"button\" role=\"tab\" aria-selected=\"false\" aria-current=\"false\"><\/button>\n                                    <button type=\"button\" role=\"tab\" aria-selected=\"false\" aria-current=\"false\"><\/button>\n                                    <button type=\"button\" role=\"tab\" aria-selected=\"false\" aria-current=\"false\"><\/button>\n                                    <button type=\"button\" role=\"tab\" aria-selected=\"false\" aria-current=\"false\"><\/button>\n                                    <button type=\"button\" role=\"tab\" aria-selected=\"false\" aria-current=\"false\"><\/button>\n                                    <button type=\"button\" role=\"tab\" aria-selected=\"false\" aria-current=\"false\"><\/button>\n                                    <button type=\"button\" role=\"tab\" aria-selected=\"false\" aria-current=\"false\"><\/button>\n                                    <button type=\"button\" role=\"tab\" aria-selected=\"false\" aria-current=\"false\"><\/button>\n                                    <button type=\"button\" role=\"tab\" aria-selected=\"false\" aria-current=\"false\"><\/button>\n                                    <button type=\"button\" role=\"tab\" aria-selected=\"false\" aria-current=\"false\"><\/button>\n                                    <button type=\"button\" role=\"tab\" aria-selected=\"false\" aria-current=\"false\"><\/button>\n                                    <button type=\"button\" role=\"tab\" aria-selected=\"false\" aria-current=\"false\"><\/button>\n                                    <button type=\"button\" role=\"tab\" aria-selected=\"false\" aria-current=\"false\"><\/button>\n                            <\/div>\n            <\/section>\n    <\/div>\n<p>[\/vc_column_text][\/vc_column][\/vc_row][vc_row row_height_percent=&#8221;0&#8243; overlay_alpha=&#8221;50&#8243; gutter_size=&#8221;3&#8243; column_width_percent=&#8221;100&#8243; shift_y=&#8221;0&#8243; z_index=&#8221;0&#8243; content_parallax=&#8221;0&#8243; uncode_shortcode_id=&#8221;942161&#8243;][vc_column width=&#8221;1\/1&#8243;][vc_column_text uncode_shortcode_id=&#8221;125979&#8243;]  <div class=\"gsd-ana-vitrin-wrapper gsd-layout-1\">\n    \n        \n    <!-- Duyuru Kart\u0131 -->\n          <div class=\"gsd-vitrin-section gsd-duyuru-section\">\n                  <article class=\"gsd-duyuru-card\">\n            <!-- G\u00f6rsel alan\u0131 her zaman render et (tutarl\u0131 hizalama i\u00e7in) -->\n            <div class=\"gsd-card-media\" style=\"--aspect-ratio: 16 \/ 9\">\n                          <\/div>\n            \n            <div class=\"gsd-card-body\" style=\"color: #ffffff;\">\n              <h3 class=\"gsd-card-title\" style=\"color: #ffffff;\">\n                Deneme &#8211; 2026 YK Toplant\u0131s\u0131 &#8211; EN              <\/h3>\n              \n                              <div class=\"gsd-card-excerpt\" style=\"color: #ffffff;\">\n                  <p>Lorem Ipsum is simply dummy text of the printing and typesetting industry. Lorem Ipsum has been the industry&#8217;s standard dummy text ever since the 1500s, when an unknown printer took a galley of type and scrambled it to make a type specimen book. It has survived not only five centuries, but also the leap into electronic typesetting, remaining essentially unchanged. It was popularised in the 1960s with the release of Letraset sheets containing Lorem Ipsum passages, and more recently with desktop publishing software like Aldus PageMaker including versions of Lorem Ipsum.   <\/p>\n                <\/div>\n                            \n              <div class=\"gsd-card-footer\">\n                <a href=\"https:\/\/gelenekselsanatlar.org\/en\/duyuru\/deneme-2026-yk-toplantisi-en\/\" class=\"gsd-btn gsd-btn-primary\">\n                  Devam\u0131n\u0131 Oku                <\/a>\n              <\/div>\n            <\/div>\n          <\/article>\n              <\/div>\n        \n    <!-- Vitrin Kartlar\u0131 -->\n          <div class=\"gsd-vitrin-section gsd-vitrin-cards\">\n                  <article class=\"gsd-vitrin-card\" style=\"--card-bg-color: #e0c080\">\n            \n                                      \n                                            <div class=\"gsd-card-media\">\n                                      <a href=\"#\">\n                      <img decoding=\"async\" src=\"https:\/\/gelenekselsanatlar.org\/wp-content\/uploads\/2025\/10\/minyatuer-web-banner.jpg\" alt=\"Vitrin 1 en\" loading=\"lazy\">\n                    <\/a>\n                                  <\/div>\n                            \n              <div class=\"gsd-card-body\" style=\"color: #2c3e50;\">\n                                  <h3 class=\"gsd-card-title\" style=\"color: #2c3e50;\">Vitrin 1 en<\/h3>\n                                \n                                  <div class=\"gsd-card-desc\" style=\"color: #2c3e50;\">\n                    Vitrin 1 a\u00e7\u0131klama en                  <\/div>\n                                \n                                  <div class=\"gsd-card-footer\">\n                    <a href=\"#\" class=\"gsd-btn gsd-btn-secondary\">\n                      Read More                    <\/a>\n                  <\/div>\n                              <\/div>\n\n                      <\/article>\n              <\/div>\n        \n        \n  <\/div>\n  [\/vc_column_text][\/vc_column][\/vc_row][vc_row][vc_column width=&#8221;1\/1&#8243;][vc_column_text uncode_shortcode_id=&#8221;193042&#8243;]                <div class=\"gsd-etkinlik-takvim-wrapper\">\n                    \n            <div class=\"gsd-takvim-main\">\n                <div class=\"gsd-takvim-header\">\n                    <button type=\"button\" class=\"gsd-takvim-nav gsd-takvim-prev\" data-month=\"4\" data-year=\"2026\" data-category=\"\" aria-label=\"Previous month: April 2026 \" >\n                        \u2039\n                    <\/button>\n                    <h2 class=\"gsd-takvim-title\" aria-live=\"polite\" role=\"heading\" aria-level=\"2\">May 2026<\/h2>\n                    <button type=\"button\" class=\"gsd-takvim-nav gsd-takvim-next\" data-month=\"6\" data-year=\"2026\" data-category=\"\" aria-label=\"Next month: June 2026\" >\n                        \u203a\n                    <\/button>\n                <\/div>\n                \n                <div class=\"gsd-takvim-container\">\n                    <table class=\"gsd-takvim\" id=\"gsd-takvim-table\" aria-label=\"Monthly event calendar\">\n                        <thead>\n                            <tr>\n                                <th scope=\"col\">Mon<\/th><th scope=\"col\">Tue<\/th><th scope=\"col\">Wed<\/th><th scope=\"col\">Thu<\/th><th scope=\"col\">Fri<\/th><th scope=\"col\">Sat<\/th><th scope=\"col\">Sun<\/th>                            <\/tr>\n                        <\/thead>\n                        <tbody>\n                            <tr><td class=\"gsd-other-month gsd-past-day\"><div class=\"gsd-day-number gsd-prev-month\">27<\/div><\/td><td class=\"gsd-other-month gsd-past-day\"><div class=\"gsd-day-number gsd-prev-month\">28<\/div><\/td><td class=\"gsd-other-month gsd-past-day\"><div class=\"gsd-day-number gsd-prev-month\">29<\/div><\/td><td class=\"gsd-other-month gsd-past-day\"><div class=\"gsd-day-number gsd-prev-month\">30<\/div><\/td><td class=\"gsd-day  gsd-past-day \" data-date=\"2026-05-01\"><div class=\"gsd-day-number\">1<\/div><\/td><td class=\"gsd-day gsd-today  \" data-date=\"2026-05-02\"><div class=\"gsd-day-number\">2<\/div><\/td><td class=\"gsd-day   \" data-date=\"2026-05-03\"><div class=\"gsd-day-number\">3<\/div><\/td><\/tr><tr><td class=\"gsd-day   \" data-date=\"2026-05-04\"><div class=\"gsd-day-number\">4<\/div><\/td><td class=\"gsd-day   \" data-date=\"2026-05-05\"><div class=\"gsd-day-number\">5<\/div><\/td><td class=\"gsd-day   \" data-date=\"2026-05-06\"><div class=\"gsd-day-number\">6<\/div><\/td><td class=\"gsd-day   \" data-date=\"2026-05-07\"><div class=\"gsd-day-number\">7<\/div><\/td><td class=\"gsd-day   \" data-date=\"2026-05-08\"><div class=\"gsd-day-number\">8<\/div><\/td><td class=\"gsd-day   \" data-date=\"2026-05-09\"><div class=\"gsd-day-number\">9<\/div><\/td><td class=\"gsd-day   \" data-date=\"2026-05-10\"><div class=\"gsd-day-number\">10<\/div><\/td><\/tr><tr><td class=\"gsd-day   \" data-date=\"2026-05-11\"><div class=\"gsd-day-number\">11<\/div><\/td><td class=\"gsd-day   \" data-date=\"2026-05-12\"><div class=\"gsd-day-number\">12<\/div><\/td><td class=\"gsd-day   \" data-date=\"2026-05-13\"><div class=\"gsd-day-number\">13<\/div><\/td><td class=\"gsd-day   \" data-date=\"2026-05-14\"><div class=\"gsd-day-number\">14<\/div><\/td><td class=\"gsd-day   \" data-date=\"2026-05-15\"><div class=\"gsd-day-number\">15<\/div><\/td><td class=\"gsd-day   \" data-date=\"2026-05-16\"><div class=\"gsd-day-number\">16<\/div><\/td><td class=\"gsd-day   \" data-date=\"2026-05-17\"><div class=\"gsd-day-number\">17<\/div><\/td><\/tr><tr><td class=\"gsd-day   \" data-date=\"2026-05-18\"><div class=\"gsd-day-number\">18<\/div><\/td><td class=\"gsd-day   \" data-date=\"2026-05-19\"><div class=\"gsd-day-number\">19<\/div><\/td><td class=\"gsd-day   \" data-date=\"2026-05-20\"><div class=\"gsd-day-number\">20<\/div><\/td><td class=\"gsd-day   \" data-date=\"2026-05-21\"><div class=\"gsd-day-number\">21<\/div><\/td><td class=\"gsd-day   \" data-date=\"2026-05-22\"><div class=\"gsd-day-number\">22<\/div><\/td><td class=\"gsd-day   \" data-date=\"2026-05-23\"><div class=\"gsd-day-number\">23<\/div><\/td><td class=\"gsd-day   \" data-date=\"2026-05-24\"><div class=\"gsd-day-number\">24<\/div><\/td><\/tr><tr><td class=\"gsd-day   \" data-date=\"2026-05-25\"><div class=\"gsd-day-number\">25<\/div><\/td><td class=\"gsd-day   \" data-date=\"2026-05-26\"><div class=\"gsd-day-number\">26<\/div><\/td><td class=\"gsd-day   \" data-date=\"2026-05-27\"><div class=\"gsd-day-number\">27<\/div><\/td><td class=\"gsd-day   \" data-date=\"2026-05-28\"><div class=\"gsd-day-number\">28<\/div><\/td><td class=\"gsd-day   \" data-date=\"2026-05-29\"><div class=\"gsd-day-number\">29<\/div><\/td><td class=\"gsd-day   \" data-date=\"2026-05-30\"><div class=\"gsd-day-number\">30<\/div><\/td><td class=\"gsd-day   \" data-date=\"2026-05-31\"><div class=\"gsd-day-number\">31<\/div><\/td><\/tr>                        <\/tbody>\n                    <\/table>\n                <\/div>\n            <\/div>\n            \n                        <div class=\"gsd-takvim-sidebar\">\n                <div class=\"gsd-sidebar-sticky\">\n                    <h3 class=\"gsd-sidebar-title\">Upcoming events<\/h3>\n                    <div class=\"gsd-search-wrapper\">\n                        <input type=\"text\" id=\"gsd-event-search\" class=\"gsd-search-input\" placeholder=\"\ud83d\udd0d Search for events...\" autocomplete=\"off\">\n                    <\/div>\n                    <div class=\"gsd-upcoming-events\">\n                                                    <p class=\"gsd-no-events\">There are no upcoming events.<\/p>\n                                            <\/div>\n                <\/div>\n            <\/div>\n                    \n                <\/div>\n<p>[\/vc_column_text][\/vc_column][\/vc_row]<\/p>\n<\/div>","protected":false},"excerpt":{"rendered":"<p>[vc_row][vc_column width=&#8221;1\/1&#8243;][vc_column_text uncode_shortcode_id=&#8221;176678&#8243;] [\/vc_column_text][\/vc_column][\/vc_row][vc_row row_height_percent=&#8221;0&#8243; overlay_alpha=&#8221;50&#8243; gutter_size=&#8221;3&#8243; column_width_percent=&#8221;100&#8243; shift_y=&#8221;0&#8243; z_index=&#8221;0&#8243; content_parallax=&#8221;0&#8243; uncode_shortcode_id=&#8221;942161&#8243;][vc_column width=&#8221;1\/1&#8243;][vc_column_text uncode_shortcode_id=&#8221;125979&#8243;][\/vc_column_text][\/vc_column][\/vc_row][vc_row][vc_column width=&#8221;1\/1&#8243;][vc_column_text uncode_shortcode_id=&#8221;193042&#8243;] [\/vc_column_text][\/vc_column][\/vc_row]<\/p>\n","protected":false},"author":1,"featured_media":0,"parent":0,"menu_order":0,"comment_status":"closed","ping_status":"closed","template":"","meta":{"_acf_changed":false,"footnotes":""},"class_list":["post-282","page","type-page","status-publish","hentry"],"acf":[],"_links":{"self":[{"href":"https:\/\/gelenekselsanatlar.org\/en\/wp-json\/wp\/v2\/pages\/282","targetHints":{"allow":["GET"]}}],"collection":[{"href":"https:\/\/gelenekselsanatlar.org\/en\/wp-json\/wp\/v2\/pages"}],"about":[{"href":"https:\/\/gelenekselsanatlar.org\/en\/wp-json\/wp\/v2\/types\/page"}],"author":[{"embeddable":true,"href":"https:\/\/gelenekselsanatlar.org\/en\/wp-json\/wp\/v2\/users\/1"}],"replies":[{"embeddable":true,"href":"https:\/\/gelenekselsanatlar.org\/en\/wp-json\/wp\/v2\/comments?post=282"}],"version-history":[{"count":0,"href":"https:\/\/gelenekselsanatlar.org\/en\/wp-json\/wp\/v2\/pages\/282\/revisions"}],"wp:attachment":[{"href":"https:\/\/gelenekselsanatlar.org\/en\/wp-json\/wp\/v2\/media?parent=282"}],"curies":[{"name":"wp","href":"https:\/\/api.w.org\/{rel}","templated":true}]}}